{"id":1430,"date":"2016-12-27T19:42:24","date_gmt":"2016-12-27T19:42:24","guid":{"rendered":"http:\/\/ambulantepflegespeitel.de\/?page_id=1430"},"modified":"2024-01-12T08:09:02","modified_gmt":"2024-01-12T08:09:02","slug":"pflegegrade","status":"publish","type":"page","link":"https:\/\/rundumpflegemitherz.de\/index.php\/pflegegrade\/","title":{"rendered":"Pflegegrade"},"content":{"rendered":"\n<style type=\"text\/css\" data-created_by=\"avia_inline_auto\" id=\"style-css-av-deicw6-a1b6fd6d14752678da91b71c0ad039e1\">\n.avia-section.av-deicw6-a1b6fd6d14752678da91b71c0ad039e1{\nbackground-repeat:no-repeat;\nbackground-image:url(https:\/\/rundumpflegemitherz.de\/wp-content\/uploads\/2016\/12\/O6YR090-1-1500x630.jpg);\nbackground-position:50% 0%;\nbackground-attachment:scroll;\n}\n<\/style>\n<div id='av_section_1'  class='avia-section av-deicw6-a1b6fd6d14752678da91b71c0ad039e1 main_color avia-section-default avia-no-shadow  avia-builder-el-0  el_before_av_section  avia-builder-el-first  avia-bg-style-scroll av-minimum-height av-minimum-height-custom  container_wrap sidebar_right'  data-section-bg-repeat='no-repeat' data-av_minimum_height_px='330'><div class='container av-section-cont-open' style='height:330px'><main  role=\"main\" itemprop=\"mainContentOfPage\"  class='template-page content  av-content-small alpha units'><div class='post-entry post-entry-type-page post-entry-1430'><div class='entry-content-wrapper clearfix'>\n<\/div><\/div><\/main><!-- close content main element --><\/div><\/div><div id='av_section_2'  class='avia-section av-byqpue-1a948f4cab3c6389e330f18a4ceb343c main_color avia-section-huge avia-no-border-styling  avia-builder-el-1  el_after_av_section  avia-builder-el-last  avia-bg-style-scroll container_wrap sidebar_right'  ><div class='container av-section-cont-open' ><div class='template-page content  av-content-small alpha units'><div class='post-entry post-entry-type-page post-entry-1430'><div class='entry-content-wrapper clearfix'>\n\n<style type=\"text\/css\" data-created_by=\"avia_inline_auto\" id=\"style-css-av-ap49ra-0ec9d00f887196f5186c485c84e1b743\">\n.flex_column.av-ap49ra-0ec9d00f887196f5186c485c84e1b743{\n-webkit-border-radius:0px 0px 0px 0px;\n-moz-border-radius:0px 0px 0px 0px;\nborder-radius:0px 0px 0px 0px;\npadding:0px 0px 0px 0px;\n}\n<\/style>\n<div class='flex_column av-ap49ra-0ec9d00f887196f5186c485c84e1b743 av_one_full  avia-builder-el-2  el_before_av_image  avia-builder-el-first  first flex_column_div av-animated-generic bottom-to-top av-zero-column-padding '     ><p>\n<style type=\"text\/css\" data-created_by=\"avia_inline_auto\" id=\"style-css-av-96bbiu-f747deb256644730b6a5a10ae56b7524\">\n#top .av-special-heading.av-96bbiu-f747deb256644730b6a5a10ae56b7524{\npadding-bottom:20px;\nfont-size:34px;\n}\nbody .av-special-heading.av-96bbiu-f747deb256644730b6a5a10ae56b7524 .av-special-heading-tag .heading-char{\nfont-size:25px;\n}\n#top #wrap_all .av-special-heading.av-96bbiu-f747deb256644730b6a5a10ae56b7524 .av-special-heading-tag{\nfont-size:34px;\n}\n.av-special-heading.av-96bbiu-f747deb256644730b6a5a10ae56b7524 .av-subheading{\nfont-size:15px;\n}\n\n@media only screen and (min-width: 480px) and (max-width: 767px){ \n#top #wrap_all .av-special-heading.av-96bbiu-f747deb256644730b6a5a10ae56b7524 .av-special-heading-tag{\nfont-size:0.8em;\n}\n}\n\n@media only screen and (max-width: 479px){ \n#top #wrap_all .av-special-heading.av-96bbiu-f747deb256644730b6a5a10ae56b7524 .av-special-heading-tag{\nfont-size:0.8em;\n}\n}\n<\/style>\n<div  class='av-special-heading av-96bbiu-f747deb256644730b6a5a10ae56b7524 av-special-heading-h1 blockquote modern-quote  avia-builder-el-3  el_before_av_textblock  avia-builder-el-first  av-inherit-size'><div class='av-subheading av-subheading_above'><p>Information f\u00fcr Sie<\/p>\n<\/div><h1 class='av-special-heading-tag'  itemprop=\"headline\"  >Die Pflegegrade mit den Leistungen im \u00dcberblick<\/h1><div class=\"special-heading-border\"><div class=\"special-heading-inner-border\"><\/div><\/div><\/div><br \/>\n<section  class='av_textblock_section av-7ucfba-d2bddfb0e37d64382660cf254b94b970'  itemscope=\"itemscope\" itemtype=\"https:\/\/schema.org\/CreativeWork\" ><div class='avia_textblock'  itemprop=\"text\" ><p>Um Leistungen aus der Pflegeversicherung zu erhalten, m\u00fcssen Versicherte zun\u00e4chst einen Pflegegrad beantragen. Voraussetzung f\u00fcr alle Geld- und Sachleistungen aus der Pflegeversicherung bildet die\u00a0Pflegebed\u00fcrftigkeit nach dem <a href=\"https:\/\/www.sozialgesetzbuch-sgb.de\/sgbxi\/14.html\">11. Sozialgesetzbuch (\u00a7 14 SGB XI, s. Quelle 1)<\/a>.<\/p>\n<p>In \u00a7 14 Abs. 1 SGB XI wird genau definiert, wann ein Mensch per Gesetz als pflegebed\u00fcrftig gilt. Daraus ergibt sich ein Pflegegrad, der den Umfang der Pflegeleistung bestimmt.<\/p>\n<\/div><\/section><br \/>\n<div  class='hr av-lax4m-a0da230bb38720c28cb1815c54a8ec46 hr-default  avia-builder-el-5  el_after_av_textblock  el_before_av_textblock '><span class='hr-inner '><span class=\"hr-inner-style\"><\/span><\/span><\/div><br \/>\n<section  class='av_textblock_section av-lract5lx-175cb9177a1e9ed1f4b979999a90103f'  itemscope=\"itemscope\" itemtype=\"https:\/\/schema.org\/CreativeWork\" ><div class='avia_textblock'  itemprop=\"text\" ><h2><\/h2>\n<h2>Pflegegrad Geldleistungen und Sachleistungen<\/h2>\n<p>Versicherte erhalten von ihrer Pflegekasse je nach Pflegegrad (PG) die folgenden Leistungen:<\/p>\n<\/div><\/section><\/p><\/div>\n<style type=\"text\/css\" data-created_by=\"avia_inline_auto\" id=\"style-css-av-3v8ocm-fb1f35159fd8a87aebe711ac55875796\">\n.avia-image-container.av-3v8ocm-fb1f35159fd8a87aebe711ac55875796 img.avia_image{\nbox-shadow:none;\n}\n.avia-image-container.av-3v8ocm-fb1f35159fd8a87aebe711ac55875796 .av-image-caption-overlay-center{\ncolor:#ffffff;\n}\n<\/style>\n<div  class='avia-image-container av-3v8ocm-fb1f35159fd8a87aebe711ac55875796 av-styling- avia-align-center  avia-builder-el-7  el_after_av_one_full  el_before_av_textblock '   itemprop=\"image\" itemscope=\"itemscope\" itemtype=\"https:\/\/schema.org\/ImageObject\" ><div class=\"avia-image-container-inner\"><div class=\"avia-image-overlay-wrap\"><img decoding=\"async\" class='wp-image-2281 avia-img-lazy-loading-not-2281 avia_image ' src=\"https:\/\/rundumpflegemitherz.de\/wp-content\/uploads\/2024\/01\/Tabelle-Pflegegrad-Januar-2024-1030x935.png\" alt='Tabelle Pflegegrad Januar 2024' title='Tabelle Pflegegrad Januar 2024'  height=\"935\" width=\"1030\"  itemprop=\"thumbnailUrl\" srcset=\"https:\/\/rundumpflegemitherz.de\/wp-content\/uploads\/2024\/01\/Tabelle-Pflegegrad-Januar-2024-1030x935.png 1030w, https:\/\/rundumpflegemitherz.de\/wp-content\/uploads\/2024\/01\/Tabelle-Pflegegrad-Januar-2024-300x272.png 300w, https:\/\/rundumpflegemitherz.de\/wp-content\/uploads\/2024\/01\/Tabelle-Pflegegrad-Januar-2024-768x697.png 768w, https:\/\/rundumpflegemitherz.de\/wp-content\/uploads\/2024\/01\/Tabelle-Pflegegrad-Januar-2024-705x640.png 705w, https:\/\/rundumpflegemitherz.de\/wp-content\/uploads\/2024\/01\/Tabelle-Pflegegrad-Januar-2024.png 1168w\" sizes=\"(max-width: 1030px) 100vw, 1030px\" \/><\/div><\/div><\/div>\n<section  class='av_textblock_section av-lracu7i8-7593fb7e776b2c16d925d60d71698883'  itemscope=\"itemscope\" itemtype=\"https:\/\/schema.org\/CreativeWork\" ><div class='avia_textblock'  itemprop=\"text\" ><p>*Zum 1. Januar 2024 erhalten Pflegebed\u00fcrftige ab Pflegegrad 2 h\u00f6here Zuschl\u00e4ge auf den pflegbedingten Eigenanteil,<br \/>\nwenn die Personen in einer vollstation\u00e4ren Pflegeeinrichtung untergebracht sind.<\/p>\n<p><strong>Es gilt dann entsprechend der Aufenthaltsdauer wie folgt:<\/strong><br \/>\nBis 12 Monate: 15 Prozent (statt bislang 5 Prozent)<br \/>\nBis 24 Monate: 30 Prozent (statt bislang 25 Prozent)<br \/>\nBis 36 Monate: 50 Prozent (statt bislang 45 Prozent)<br \/>\n\u00dcber 36 Monate: 75 Prozent (statt bislang 70 Prozent)<\/p>\n<p>Die Abrechnung erfolgt zwischen Pflegeeinrichtung und Pflegekasse. Pflegebed\u00fcrftige Personen brauchen sich darum nicht zu k\u00fcmmern.<\/p>\n<\/div><\/section>\n<section  class='av_textblock_section av-2s1a5y-d1242ab2f0eb252f0033a38e76d0be0b'  itemscope=\"itemscope\" itemtype=\"https:\/\/schema.org\/CreativeWork\" ><div class='avia_textblock'  itemprop=\"text\" ><p><strong>Was bedeutet Pflegegeld?<\/strong><\/p>\n<p>Wird ein Pflegebed\u00fcrftiger zuhause von <strong>Angeh\u00f6rigen, Bekannten oder Freunden gepflegt<\/strong>, so gew\u00e4hren gesetzliche und private Pflegekassen Anspruch auf <strong>Pflegegeld<\/strong>. Die H\u00f6he des Pflegegelds errechnet sich aus dem jeweiligen Pflegegrad, der dem Versicherten zugewiesen ist.<\/p>\n<p><strong>Was sind Pflegesachleistungen?<\/strong><\/p>\n<p>Bei h\u00e4uslicher Pflege durch einen <strong>ambulanten Pflegedienst<\/strong> haben Pflegebed\u00fcrftige Anspruch auf Zusch\u00fcsse f\u00fcr <strong>Pflegesachleistungen<\/strong>. Die H\u00f6he ist dabei abh\u00e4ngig vom Pflegegrad. Der Begriff Sachleistung kann irref\u00fchren. Es handelt sich nicht etwa um materielle Leistungen in Form von Sachgegenst\u00e4nden. In der Pflege werden darunter Dienstleistungen verstanden, die von Mitarbeitern eines ambulanten Pflegedienstes erbracht werden.<\/p>\n<\/div><\/section>\n<\/div><\/div><\/div><!-- close content main div --><\/div><\/div><div id='after_section_2'  class='main_color av_default_container_wrap container_wrap sidebar_right'  ><div class='container av-section-cont-open' ><div class='template-page content  av-content-small alpha units'><div class='post-entry post-entry-type-page post-entry-1430'><div class='entry-content-wrapper clearfix'>\n","protected":false},"excerpt":{"rendered":"","protected":false},"author":1,"featured_media":0,"parent":0,"menu_order":0,"comment_status":"closed","ping_status":"closed","template":"","meta":{"footnotes":""},"class_list":["post-1430","page","type-page","status-publish","hentry"],"yoast_head":"<!-- This site is optimized with the Yoast SEO plugin v27.1.1 - https:\/\/yoast.com\/product\/yoast-seo-wordpress\/ -->\n<title>Pflegegrade - Leistungen im \u00dcberblick<\/title>\n<meta name=\"description\" content=\"Welche Leistungen werden von der Pflegeversicherung ab welchem Pflegegrad \u00fcbernommen? Jetzt informieren und beraten lassen!\" \/>\n<meta name=\"robots\" content=\"index, follow, max-snippet:-1, max-image-preview:large, max-video-preview:-1\" \/>\n<link rel=\"canonical\" href=\"https:\/\/rundumpflegemitherz.de\/index.php\/pflegegrade\/\" \/>\n<meta property=\"og:locale\" content=\"de_DE\" \/>\n<meta property=\"og:type\" content=\"article\" \/>\n<meta property=\"og:title\" content=\"Pflegegrade - Leistungen im \u00dcberblick\" \/>\n<meta property=\"og:description\" content=\"Welche Leistungen werden von der Pflegeversicherung ab welchem Pflegegrad \u00fcbernommen? Jetzt informieren und beraten lassen!\" \/>\n<meta property=\"og:url\" content=\"https:\/\/rundumpflegemitherz.de\/index.php\/pflegegrade\/\" \/>\n<meta property=\"og:site_name\" content=\"Rundumpflege mit Herz\" \/>\n<meta property=\"article:modified_time\" content=\"2024-01-12T08:09:02+00:00\" \/>\n<meta name=\"twitter:card\" content=\"summary_large_image\" \/>\n<meta name=\"twitter:label1\" content=\"Gesch\u00e4tzte Lesezeit\" \/>\n\t<meta name=\"twitter:data1\" content=\"2\u00a0Minuten\" \/>\n<script type=\"application\/ld+json\" class=\"yoast-schema-graph\">{\"@context\":\"https:\/\/schema.org\",\"@graph\":[{\"@type\":\"WebPage\",\"@id\":\"https:\/\/rundumpflegemitherz.de\/index.php\/pflegegrade\/\",\"url\":\"https:\/\/rundumpflegemitherz.de\/index.php\/pflegegrade\/\",\"name\":\"Pflegegrade - Leistungen im \u00dcberblick\",\"isPartOf\":{\"@id\":\"https:\/\/rundumpflegemitherz.de\/#website\"},\"datePublished\":\"2016-12-27T19:42:24+00:00\",\"dateModified\":\"2024-01-12T08:09:02+00:00\",\"description\":\"Welche Leistungen werden von der Pflegeversicherung ab welchem Pflegegrad \u00fcbernommen? Jetzt informieren und beraten lassen!\",\"breadcrumb\":{\"@id\":\"https:\/\/rundumpflegemitherz.de\/index.php\/pflegegrade\/#breadcrumb\"},\"inLanguage\":\"de\",\"potentialAction\":[{\"@type\":\"ReadAction\",\"target\":[\"https:\/\/rundumpflegemitherz.de\/index.php\/pflegegrade\/\"]}]},{\"@type\":\"BreadcrumbList\",\"@id\":\"https:\/\/rundumpflegemitherz.de\/index.php\/pflegegrade\/#breadcrumb\",\"itemListElement\":[{\"@type\":\"ListItem\",\"position\":1,\"name\":\"Startseite\",\"item\":\"https:\/\/rundumpflegemitherz.de\/index.php\/welcome\/\"},{\"@type\":\"ListItem\",\"position\":2,\"name\":\"Pflegegrade\"}]},{\"@type\":\"WebSite\",\"@id\":\"https:\/\/rundumpflegemitherz.de\/#website\",\"url\":\"https:\/\/rundumpflegemitherz.de\/\",\"name\":\"Rundumpflege mit Herz\",\"description\":\"Ihr kompetenter Partner f\u00fcr ambulante Pflege im Raum W\u00fcrzburg\",\"potentialAction\":[{\"@type\":\"SearchAction\",\"target\":{\"@type\":\"EntryPoint\",\"urlTemplate\":\"https:\/\/rundumpflegemitherz.de\/?s={search_term_string}\"},\"query-input\":{\"@type\":\"PropertyValueSpecification\",\"valueRequired\":true,\"valueName\":\"search_term_string\"}}],\"inLanguage\":\"de\"}]}<\/script>\n<!-- \/ Yoast SEO plugin. -->","yoast_head_json":{"title":"Pflegegrade - Leistungen im \u00dcberblick","description":"Welche Leistungen werden von der Pflegeversicherung ab welchem Pflegegrad \u00fcbernommen? Jetzt informieren und beraten lassen!","robots":{"index":"index","follow":"follow","max-snippet":"max-snippet:-1","max-image-preview":"max-image-preview:large","max-video-preview":"max-video-preview:-1"},"canonical":"https:\/\/rundumpflegemitherz.de\/index.php\/pflegegrade\/","og_locale":"de_DE","og_type":"article","og_title":"Pflegegrade - Leistungen im \u00dcberblick","og_description":"Welche Leistungen werden von der Pflegeversicherung ab welchem Pflegegrad \u00fcbernommen? Jetzt informieren und beraten lassen!","og_url":"https:\/\/rundumpflegemitherz.de\/index.php\/pflegegrade\/","og_site_name":"Rundumpflege mit Herz","article_modified_time":"2024-01-12T08:09:02+00:00","twitter_card":"summary_large_image","twitter_misc":{"Gesch\u00e4tzte Lesezeit":"2\u00a0Minuten"},"schema":{"@context":"https:\/\/schema.org","@graph":[{"@type":"WebPage","@id":"https:\/\/rundumpflegemitherz.de\/index.php\/pflegegrade\/","url":"https:\/\/rundumpflegemitherz.de\/index.php\/pflegegrade\/","name":"Pflegegrade - Leistungen im \u00dcberblick","isPartOf":{"@id":"https:\/\/rundumpflegemitherz.de\/#website"},"datePublished":"2016-12-27T19:42:24+00:00","dateModified":"2024-01-12T08:09:02+00:00","description":"Welche Leistungen werden von der Pflegeversicherung ab welchem Pflegegrad \u00fcbernommen? Jetzt informieren und beraten lassen!","breadcrumb":{"@id":"https:\/\/rundumpflegemitherz.de\/index.php\/pflegegrade\/#breadcrumb"},"inLanguage":"de","potentialAction":[{"@type":"ReadAction","target":["https:\/\/rundumpflegemitherz.de\/index.php\/pflegegrade\/"]}]},{"@type":"BreadcrumbList","@id":"https:\/\/rundumpflegemitherz.de\/index.php\/pflegegrade\/#breadcrumb","itemListElement":[{"@type":"ListItem","position":1,"name":"Startseite","item":"https:\/\/rundumpflegemitherz.de\/index.php\/welcome\/"},{"@type":"ListItem","position":2,"name":"Pflegegrade"}]},{"@type":"WebSite","@id":"https:\/\/rundumpflegemitherz.de\/#website","url":"https:\/\/rundumpflegemitherz.de\/","name":"Rundumpflege mit Herz","description":"Ihr kompetenter Partner f\u00fcr ambulante Pflege im Raum W\u00fcrzburg","potentialAction":[{"@type":"SearchAction","target":{"@type":"EntryPoint","urlTemplate":"https:\/\/rundumpflegemitherz.de\/?s={search_term_string}"},"query-input":{"@type":"PropertyValueSpecification","valueRequired":true,"valueName":"search_term_string"}}],"inLanguage":"de"}]}},"_links":{"self":[{"href":"https:\/\/rundumpflegemitherz.de\/index.php\/wp-json\/wp\/v2\/pages\/1430","targetHints":{"allow":["GET"]}}],"collection":[{"href":"https:\/\/rundumpflegemitherz.de\/index.php\/wp-json\/wp\/v2\/pages"}],"about":[{"href":"https:\/\/rundumpflegemitherz.de\/index.php\/wp-json\/wp\/v2\/types\/page"}],"author":[{"embeddable":true,"href":"https:\/\/rundumpflegemitherz.de\/index.php\/wp-json\/wp\/v2\/users\/1"}],"replies":[{"embeddable":true,"href":"https:\/\/rundumpflegemitherz.de\/index.php\/wp-json\/wp\/v2\/comments?post=1430"}],"version-history":[{"count":37,"href":"https:\/\/rundumpflegemitherz.de\/index.php\/wp-json\/wp\/v2\/pages\/1430\/revisions"}],"predecessor-version":[{"id":2280,"href":"https:\/\/rundumpflegemitherz.de\/index.php\/wp-json\/wp\/v2\/pages\/1430\/revisions\/2280"}],"wp:attachment":[{"href":"https:\/\/rundumpflegemitherz.de\/index.php\/wp-json\/wp\/v2\/media?parent=1430"}],"curies":[{"name":"wp","href":"https:\/\/api.w.org\/{rel}","templated":true}]}}