{"id":1733,"date":"2021-03-14T14:21:56","date_gmt":"2021-03-14T14:21:56","guid":{"rendered":"https:\/\/ambulantepflegespeitel.de\/?page_id=1733"},"modified":"2022-01-16T10:56:35","modified_gmt":"2022-01-16T10:56:35","slug":"faq","status":"publish","type":"page","link":"https:\/\/rundumpflegemitherz.de\/index.php\/tagespflege\/faq\/","title":{"rendered":"FAQ"},"content":{"rendered":"<div id='av-layout-grid-1'  class='av-layout-grid-container av-av_layout_row-3f4d6bb91599cccddfec9f275e532012 entry-content-wrapper main_color av-flex-cells  avia-builder-el-0  el_before_av_one_full  avia-builder-el-first   container_wrap sidebar_right'  >\n\n<style type=\"text\/css\" data-created_by=\"avia_inline_auto\" id=\"style-css-av-av_cell_one_full-bc5448ca75cb4babd3d3b0008eba5c7e\">\n.flex_cell.av-av_cell_one_full-bc5448ca75cb4babd3d3b0008eba5c7e{\nvertical-align:middle;\nheight:250px;\nmin-height:250px;\nbackground-color:#4ab043;\n}\n.responsive #top #wrap_all .flex_cell.av-av_cell_one_full-bc5448ca75cb4babd3d3b0008eba5c7e{\npadding:80px 80px 80px 80px !important;\n}\n<\/style>\n<div class='flex_cell av-av_cell_one_full-bc5448ca75cb4babd3d3b0008eba5c7e av-gridrow-cell av_one_full no_margin  avia-builder-el-1  avia-builder-el-no-sibling  avia-full-stretch' ><div class='flex_cell_inner'>\n<style type=\"text\/css\" data-created_by=\"avia_inline_auto\" id=\"style-css-av-av_heading-8a825f545cc628289be47352c32fff28\">\n#top .av-special-heading.av-av_heading-8a825f545cc628289be47352c32fff28{\npadding-bottom:25px;\ncolor:#ffffff;\nfont-size:34px;\n}\nbody .av-special-heading.av-av_heading-8a825f545cc628289be47352c32fff28 .av-special-heading-tag .heading-char{\nfont-size:25px;\n}\n#top #wrap_all .av-special-heading.av-av_heading-8a825f545cc628289be47352c32fff28 .av-special-heading-tag{\nfont-size:34px;\n}\n.av-special-heading.av-av_heading-8a825f545cc628289be47352c32fff28 .special-heading-inner-border{\nborder-color:#ffffff;\n}\n.av-special-heading.av-av_heading-8a825f545cc628289be47352c32fff28 .av-subheading{\nfont-size:15px;\n}\n\n@media only screen and (min-width: 480px) and (max-width: 767px){ \n#top #wrap_all .av-special-heading.av-av_heading-8a825f545cc628289be47352c32fff28 .av-special-heading-tag{\nfont-size:0.8em;\n}\n}\n\n@media only screen and (max-width: 479px){ \n#top #wrap_all .av-special-heading.av-av_heading-8a825f545cc628289be47352c32fff28 .av-special-heading-tag{\nfont-size:0.8em;\n}\n}\n<\/style>\n<div  class='av-special-heading av-av_heading-8a825f545cc628289be47352c32fff28 av-special-heading-h1 custom-color-heading blockquote modern-quote modern-centered  avia-builder-el-2  avia-builder-el-no-sibling  av-inherit-size'><h1 class='av-special-heading-tag'  itemprop=\"headline\"  >H\u00e4ufige Fragen und Antworten zur Tagespflege<\/h1><div class='av_custom_color av-subheading av-subheading_below'><p>Wir beantworten Ihre Fragen auch gerne in einem pers\u00f6nlichen Beratungsgespr\u00e4ch. Kontaktieren Sie uns.<\/p>\n<\/div><div class=\"special-heading-border\"><div class=\"special-heading-inner-border\"><\/div><\/div><\/div>\n<\/div><\/div>\n<\/div><div id='after_grid_row_1'  class='main_color av_default_container_wrap container_wrap sidebar_right'  ><div class='container av-section-cont-open' ><div class='template-page content  av-content-small alpha units'><div class='post-entry post-entry-type-page post-entry-1733'><div class='entry-content-wrapper clearfix'>\n\n<style type=\"text\/css\" data-created_by=\"avia_inline_auto\" id=\"style-css-av-av_one_full-6126cab7d8fab8d08143dd2dacdf673c\">\n.flex_column.av-av_one_full-6126cab7d8fab8d08143dd2dacdf673c{\n-webkit-border-radius:0px 0px 0px 0px;\n-moz-border-radius:0px 0px 0px 0px;\nborder-radius:0px 0px 0px 0px;\npadding:0px 0px 0px 0px;\n}\n<\/style>\n<div class='flex_column av-av_one_full-6126cab7d8fab8d08143dd2dacdf673c av_one_full  avia-builder-el-3  el_after_av_layout_row  el_before_av_hr  avia-builder-el-first  first flex_column_div av-zero-column-padding '     ><div  class='togglecontainer av-av_toggle_container-8812a63cbc37bcd0d66199109d348345  avia-builder-el-4  avia-builder-el-no-sibling ' >\n<section class='av_toggle_section av-av_toggle-d90c92424881ae351d95e7452a7d1828'  itemscope=\"itemscope\" itemtype=\"https:\/\/schema.org\/CreativeWork\" ><div role=\"tablist\" class=\"single_toggle\" data-tags=\"{Alle} \"  ><p data-fake-id='#toggle-id-1' class='toggler   '  itemprop=\"headline\"  role='tab' tabindex='0' aria-controls='toggle-id-1'>Wie oft kann ich in die Tagespflege kommen?<span class=\"toggle_icon\"><span class=\"vert_icon\"><\/span><span class=\"hor_icon\"><\/span><\/span><\/p><div id='toggle-id-1' class='toggle_wrap  '  ><div class='toggle_content invers-color '  itemprop=\"text\" ><p>Sie k\u00f6nnen an nur einem Tag in der Woche oder auch an f\u00fcnf Tagen kommen. Dies ist meist abh\u00e4ngig<br \/>\nvon Ihrem Pflegegrad (Kosten).<\/p>\n<\/div><\/div><\/div><\/section>\n<section class='av_toggle_section av-av_toggle-04b5e8be053914d19c5542a58715bcb8'  itemscope=\"itemscope\" itemtype=\"https:\/\/schema.org\/CreativeWork\" ><div role=\"tablist\" class=\"single_toggle\" data-tags=\"{Alle} \"  ><p data-fake-id='#toggle-id-2' class='toggler   '  itemprop=\"headline\"  role='tab' tabindex='0' aria-controls='toggle-id-2'>Ich erhalte derzeit Pflegegeld. Kann ich trotzdem in die Tagespflege kommen?<span class=\"toggle_icon\"><span class=\"vert_icon\"><\/span><span class=\"hor_icon\"><\/span><\/span><\/p><div id='toggle-id-2' class='toggle_wrap  '  ><div class='toggle_content invers-color '  itemprop=\"text\" ><p>Ja, Ihnen stehen neben Pflegegeld ebenfalls <strong>Sachleistungen<\/strong> f\u00fcr die <strong>Tagespflege<\/strong> zu, OHNE dass Ihnen das Pflegegeld gek\u00fcrzt wird.<\/p>\n<\/div><\/div><\/div><\/section>\n<section class='av_toggle_section av-av_toggle-795e67f13411fdb2d925b270672ce32c'  itemscope=\"itemscope\" itemtype=\"https:\/\/schema.org\/CreativeWork\" ><div role=\"tablist\" class=\"single_toggle\" data-tags=\"{Alle} \"  ><p data-fake-id='#toggle-id-3' class='toggler   '  itemprop=\"headline\"  role='tab' tabindex='0' aria-controls='toggle-id-3'>Ist die Tagespflege trotz Corona ge\u00f6ffnet?<span class=\"toggle_icon\"><span class=\"vert_icon\"><\/span><span class=\"hor_icon\"><\/span><\/span><\/p><div id='toggle-id-3' class='toggle_wrap  '  ><div class='toggle_content invers-color '  itemprop=\"text\" ><p>Die Tagespflege ist unter den geltenden <a href=\"https:\/\/ambulantepflegespeitel.de\/wp-content\/uploads\/2021\/03\/Hygienische-Anforderungen.pdf\">Hygienevorschriften<\/a> ge\u00f6ffnet.<\/p>\n<\/div><\/div><\/div><\/section>\n<section class='av_toggle_section av-av_toggle-68f2f2c54f7b5c55207392faed1b425e'  itemscope=\"itemscope\" itemtype=\"https:\/\/schema.org\/CreativeWork\" ><div role=\"tablist\" class=\"single_toggle\" data-tags=\"{Alle} \"  ><p data-fake-id='#toggle-id-4' class='toggler   '  itemprop=\"headline\"  role='tab' tabindex='0' aria-controls='toggle-id-4'>Was verstehe ich unter \u201eTagespflege\u201c?<span class=\"toggle_icon\"><span class=\"vert_icon\"><\/span><span class=\"hor_icon\"><\/span><\/span><\/p><div id='toggle-id-4' class='toggle_wrap  '  ><div class='toggle_content invers-color '  itemprop=\"text\" ><p>K\u00f6nnen oder m\u00f6chten Sie nicht mehr den ganzen Tag allein sein, k\u00f6nnen Sie in unserer<br \/>\nTagespflege betreut werden. Wir bieten Ihnen ein <a href=\"https:\/\/ambulantepflegespeitel.de\/index.php\/tagespflege\/leistungen\/\">vielseitiges Angebot<\/a> zur aktiven<br \/>\nTagesgestaltung an.<\/p>\n<\/div><\/div><\/div><\/section>\n<section class='av_toggle_section av-av_toggle-8189494e94abee4bd6887ff1eece7781'  itemscope=\"itemscope\" itemtype=\"https:\/\/schema.org\/CreativeWork\" ><div role=\"tablist\" class=\"single_toggle\" data-tags=\"{Alle} \"  ><p data-fake-id='#toggle-id-5' class='toggler   '  itemprop=\"headline\"  role='tab' tabindex='0' aria-controls='toggle-id-5'>Wie ist der Tagesablauf in der Tagespflege? <span class=\"toggle_icon\"><span class=\"vert_icon\"><\/span><span class=\"hor_icon\"><\/span><\/span><\/p><div id='toggle-id-5' class='toggle_wrap  '  ><div class='toggle_content invers-color '  itemprop=\"text\" ><p>Wir bieten gemeinsame Spazierg\u00e4nge, Ged\u00e4chtnistraining, Gesellschaftsspiele, Gymnastik,<br \/>\nBasteln und vieles mehr an. Zudem haben wir ein attraktives Ausflugsprogramm. Gerne<br \/>\nk\u00f6nnen Sie sich aber auch in unsere Ruher\u00e4ume zur\u00fcckziehen.<\/p>\n<\/div><\/div><\/div><\/section>\n<section class='av_toggle_section av-av_toggle-f7c2214c6fd84b0fd27b54a6f09e155b'  itemscope=\"itemscope\" itemtype=\"https:\/\/schema.org\/CreativeWork\" ><div role=\"tablist\" class=\"single_toggle\" data-tags=\"{Alle} \"  ><p data-fake-id='#toggle-id-6' class='toggler   '  itemprop=\"headline\"  role='tab' tabindex='0' aria-controls='toggle-id-6'>F\u00fcr wen ist die Tagespflege geeignet? <span class=\"toggle_icon\"><span class=\"vert_icon\"><\/span><span class=\"hor_icon\"><\/span><\/span><\/p><div id='toggle-id-6' class='toggle_wrap  '  ><div class='toggle_content invers-color '  itemprop=\"text\" ><p>Unsere Tagespflege richtet sich an Menschen, die pflegebed\u00fcrftig unterschiedlichen Alters<br \/>\nund \/ oder alleinstehend sind. Der regelm\u00e4\u00dfige Austausch mit anderen Menschen hilft ihnen,<br \/>\nihre F\u00e4higkeiten im Umgang mit anderen Menschen zu erhalten, verhindert Einsamkeit und<br \/>\ngibt Sicherheit.<\/p>\n<\/div><\/div><\/div><\/section>\n<section class='av_toggle_section av-av_toggle-8984dcec347e17018dcbe89643c7a4e7'  itemscope=\"itemscope\" itemtype=\"https:\/\/schema.org\/CreativeWork\" ><div role=\"tablist\" class=\"single_toggle\" data-tags=\"{Alle} \"  ><p data-fake-id='#toggle-id-7' class='toggler   '  itemprop=\"headline\"  role='tab' tabindex='0' aria-controls='toggle-id-7'>Welche Kosten entstehen f\u00fcr die Tagespflege?<span class=\"toggle_icon\"><span class=\"vert_icon\"><\/span><span class=\"hor_icon\"><\/span><\/span><\/p><div id='toggle-id-7' class='toggle_wrap  '  ><div class='toggle_content invers-color '  itemprop=\"text\" ><p>Die Tagespflege ist eine zus\u00e4tzliche monatliche Leistung zum Pflegegeld. Ab Pflegegrad 2<br \/>\nkann damit ein bestimmter Teil der Kosten gedeckt werden. Zus\u00e4tzlich kann der<br \/>\nEntlastungsbeitrag von 125,00 \u20ac in Anspruch genommen werden.<br \/>\n<a href=\"https:\/\/ambulantepflegespeitel.de\/index.php\/contact\/\">Wir beraten Sie gerne<\/a>.<\/p>\n<\/div><\/div><\/div><\/section>\n<section class='av_toggle_section av-av_toggle-bd931ac0d229626e09a0185b15bf70be'  itemscope=\"itemscope\" itemtype=\"https:\/\/schema.org\/CreativeWork\" ><div role=\"tablist\" class=\"single_toggle\" data-tags=\"{Alle} \"  ><p data-fake-id='#toggle-id-8' class='toggler   '  itemprop=\"headline\"  role='tab' tabindex='0' aria-controls='toggle-id-8'>Welchen Betrag zahlt die Pflegekasse? <span class=\"toggle_icon\"><span class=\"vert_icon\"><\/span><span class=\"hor_icon\"><\/span><\/span><\/p><div id='toggle-id-8' class='toggle_wrap  '  ><div class='toggle_content invers-color '  itemprop=\"text\" ><p>Den jeweiligen Zuschuss der Pflegekasse entnehmen Sie einfach folgender Tabelle:<\/p>\n<table style=\"height: 361px;\" width=\"584\">\n<tbody>\n<tr>\n<td><span style=\"font-weight: 400;\">P<strong>flegegrad<\/strong><\/span><\/td>\n<td><strong>Pflegegeld<\/strong><\/td>\n<td><strong>Pflegesachleistung<\/strong><\/td>\n<td><strong>Tagespflege<\/strong><\/td>\n<td><strong>Entlastungbetrag<\/strong><\/td>\n<\/tr>\n<tr>\n<td>\n<p style=\"text-align: center;\"><span style=\"font-weight: 400;\">1<\/span><\/p>\n<\/td>\n<td style=\"text-align: center;\"><span style=\"font-weight: 400;\">&#8211;<\/span><\/td>\n<td style=\"text-align: center;\"><span style=\"font-weight: 400;\">&#8211;<\/span><\/td>\n<td style=\"text-align: center;\"><span style=\"font-weight: 400;\">&#8211;<\/span><\/td>\n<td style=\"text-align: center;\"><span style=\"font-weight: 400;\">125,00 \u20ac<\/span><\/td>\n<\/tr>\n<tr>\n<td>\n<p style=\"text-align: center;\"><span style=\"font-weight: 400;\">2<\/span><\/p>\n<\/td>\n<td>\n<p style=\"text-align: center;\"><span style=\"font-weight: 400;\">316,00 \u20ac<\/span><\/p>\n<\/td>\n<td>\n<p style=\"text-align: center;\"><span style=\"font-weight: 400;\">724,00 \u20ac<\/span><\/p>\n<\/td>\n<td>\n<p style=\"text-align: center;\"><span style=\"font-weight: 400;\">724,00 \u20ac<\/span><\/p>\n<\/td>\n<td>\n<p style=\"text-align: center;\"><span style=\"font-weight: 400;\">125,00 \u20ac<\/span><\/p>\n<\/td>\n<\/tr>\n<tr>\n<td>\n<p style=\"text-align: center;\"><span style=\"font-weight: 400;\">3<\/span><\/p>\n<\/td>\n<td>\n<p style=\"text-align: center;\"><span style=\"font-weight: 400;\">545,00 \u20ac<\/span><\/p>\n<\/td>\n<td>\n<p style=\"text-align: center;\"><span style=\"font-weight: 400;\">1.363,00 \u20ac<\/span><\/p>\n<\/td>\n<td>\n<p style=\"text-align: center;\"><span style=\"font-weight: 400;\">1.363,00 \u20ac<\/span><\/p>\n<\/td>\n<td>\n<p style=\"text-align: center;\"><span style=\"font-weight: 400;\">125,00 \u20ac<\/span><\/p>\n<\/td>\n<\/tr>\n<tr>\n<td>\n<p style=\"text-align: center;\"><span style=\"font-weight: 400;\">4<\/span><\/p>\n<\/td>\n<td>\n<p style=\"text-align: center;\"><span style=\"font-weight: 400;\">728,00 \u20ac<\/span><\/p>\n<\/td>\n<td>\n<p style=\"text-align: center;\"><span style=\"font-weight: 400;\">1.693,00 \u20ac<\/span><\/p>\n<\/td>\n<td>\n<p style=\"text-align: center;\"><span style=\"font-weight: 400;\">1.693,00 \u20ac<\/span><\/p>\n<\/td>\n<td>\n<p style=\"text-align: center;\"><span style=\"font-weight: 400;\">125,00 \u20ac<\/span><\/p>\n<\/td>\n<\/tr>\n<tr>\n<td style=\"text-align: center;\"><span style=\"font-weight: 400;\">5<\/span><\/td>\n<td style=\"text-align: center;\"><span style=\"font-weight: 400;\">901,00 \u20ac<\/span><\/td>\n<td style=\"text-align: center;\"><span style=\"font-weight: 400;\">2.095,00 \u20ac<\/span><\/td>\n<td style=\"text-align: center;\"><span style=\"font-weight: 400;\">2.095,00 \u20ac<\/span><\/td>\n<td>\n<p style=\"text-align: center;\"><span style=\"font-weight: 400;\">125,00 \u20ac<\/span><\/p>\n<\/td>\n<\/tr>\n<\/tbody>\n<\/table>\n<\/div><\/div><\/div><\/section>\n<section class='av_toggle_section av-av_toggle-16b00831b6c881ff390321b04324e77d'  itemscope=\"itemscope\" itemtype=\"https:\/\/schema.org\/CreativeWork\" ><div role=\"tablist\" class=\"single_toggle\" data-tags=\"{Alle} \"  ><p data-fake-id='#toggle-id-9' class='toggler   '  itemprop=\"headline\"  role='tab' tabindex='0' aria-controls='toggle-id-9'>Wird mein Pflegegeld gek\u00fcrzt, wenn ich die Tagespflege besuche? <span class=\"toggle_icon\"><span class=\"vert_icon\"><\/span><span class=\"hor_icon\"><\/span><\/span><\/p><div id='toggle-id-9' class='toggle_wrap  '  ><div class='toggle_content invers-color '  itemprop=\"text\" ><p>Da es sich um eine zus\u00e4tzliche Leistung zum Pflegegeld handelt, bleibt Ihr Anspruch f\u00fcr die<br \/>\nambulante h\u00e4usliche Pflege zu 100% erhalten.<\/p>\n<\/div><\/div><\/div><\/section>\n<section class='av_toggle_section av-av_toggle-f8375818ecf6f9b8d552712b3adec36a'  itemscope=\"itemscope\" itemtype=\"https:\/\/schema.org\/CreativeWork\" ><div role=\"tablist\" class=\"single_toggle\" data-tags=\"{Alle} \"  ><p data-fake-id='#toggle-id-10' class='toggler   '  itemprop=\"headline\"  role='tab' tabindex='0' aria-controls='toggle-id-10'>Kann ich auch ohne Pflegegrad die Tagespflege besuchen? <span class=\"toggle_icon\"><span class=\"vert_icon\"><\/span><span class=\"hor_icon\"><\/span><\/span><\/p><div id='toggle-id-10' class='toggle_wrap  '  ><div class='toggle_content invers-color '  itemprop=\"text\" ><p>Nat\u00fcrlich! Aber Sie m\u00fcssen den Tagessatz selbst zahlen, da die Pflegekasse keine Kosten<br \/>\n\u00fcbernimmt.<\/p>\n<\/div><\/div><\/div><\/section>\n<section class='av_toggle_section av-av_toggle-1a4b7ecacb16e4927d2da403be4d5a3f'  itemscope=\"itemscope\" itemtype=\"https:\/\/schema.org\/CreativeWork\" ><div role=\"tablist\" class=\"single_toggle\" data-tags=\"{Alle} \"  ><p data-fake-id='#toggle-id-11' class='toggler   '  itemprop=\"headline\"  role='tab' tabindex='0' aria-controls='toggle-id-11'>Ich habe nur eine kleine Rente, wie kann ich die Tagespflege zahlen?<span class=\"toggle_icon\"><span class=\"vert_icon\"><\/span><span class=\"hor_icon\"><\/span><\/span><\/p><div id='toggle-id-11' class='toggle_wrap  '  ><div class='toggle_content invers-color '  itemprop=\"text\" ><p>Bitte sprechen Sie uns an. Wir <a href=\"https:\/\/ambulantepflegespeitel.de\/index.php\/contact\/\">beraten Sie gerne<\/a>, da in diesem Fall auch das Sozialamt die<br \/>\nKosten \u00fcbernehmen kann.<\/p>\n<\/div><\/div><\/div><\/section>\n<section class='av_toggle_section av-av_toggle-582ed071563f57e7fb4e2bc5cb047fbe'  itemscope=\"itemscope\" itemtype=\"https:\/\/schema.org\/CreativeWork\" ><div role=\"tablist\" class=\"single_toggle\" data-tags=\"{Alle} \"  ><p data-fake-id='#toggle-id-12' class='toggler   '  itemprop=\"headline\"  role='tab' tabindex='0' aria-controls='toggle-id-12'>K\u00f6nnen mich meine Angeh\u00f6rigen w\u00e4hrend meines Aufenthaltes besuchen? <span class=\"toggle_icon\"><span class=\"vert_icon\"><\/span><span class=\"hor_icon\"><\/span><\/span><\/p><div id='toggle-id-12' class='toggle_wrap  '  ><div class='toggle_content invers-color '  itemprop=\"text\" ><p>Das ist grunds\u00e4tzlich m\u00f6glich. Aufgrund der momentanen Pandemie aber derzeit nicht<br \/>\nm\u00f6glich.<\/p>\n<\/div><\/div><\/div><\/section>\n<section class='av_toggle_section av-av_toggle-0c732613b7b1eea0dcf9974599141da2'  itemscope=\"itemscope\" itemtype=\"https:\/\/schema.org\/CreativeWork\" ><div role=\"tablist\" class=\"single_toggle\" data-tags=\"{Alle} \"  ><p data-fake-id='#toggle-id-13' class='toggler   '  itemprop=\"headline\"  role='tab' tabindex='0' aria-controls='toggle-id-13'>Wie komme ich in die Tagespflege?<span class=\"toggle_icon\"><span class=\"vert_icon\"><\/span><span class=\"hor_icon\"><\/span><\/span><\/p><div id='toggle-id-13' class='toggle_wrap  '  ><div class='toggle_content invers-color '  itemprop=\"text\" ><p>Unser hauseigener Fahrdienst holt Ihre Angeh\u00f6rigen an Ihrem Grundst\u00fcck direkt zur<br \/>\nvereinbarten Zeit ab. Sie \u00fcbergeben diese an den Fahrer und er bringt Ihre Angeh\u00f6rigen<br \/>\nsicher zu uns.<\/p>\n<\/div><\/div><\/div><\/section>\n<section class='av_toggle_section av-av_toggle-fdbf1e4fa25db7dd29e2ecca677b7332'  itemscope=\"itemscope\" itemtype=\"https:\/\/schema.org\/CreativeWork\" ><div role=\"tablist\" class=\"single_toggle\" data-tags=\"{Alle} \"  ><p data-fake-id='#toggle-id-14' class='toggler   '  itemprop=\"headline\"  role='tab' tabindex='0' aria-controls='toggle-id-14'>Ich habe MS und kann mich nur im Rollstuhl fortbewegen.<span class=\"toggle_icon\"><span class=\"vert_icon\"><\/span><span class=\"hor_icon\"><\/span><\/span><\/p><div id='toggle-id-14' class='toggle_wrap  '  ><div class='toggle_content invers-color '  itemprop=\"text\" ><p>Unsere Tagespflege ist barrierefrei. Auch der Fahrdienst ist dementsprechend ausgestattet.<\/p>\n<\/div><\/div><\/div><\/section>\n<section class='av_toggle_section av-av_toggle-ba2da0796231faa0ccd095fffbed3370'  itemscope=\"itemscope\" itemtype=\"https:\/\/schema.org\/CreativeWork\" ><div role=\"tablist\" class=\"single_toggle\" data-tags=\"{Alle} \"  ><p data-fake-id='#toggle-id-15' class='toggler   '  itemprop=\"headline\"  role='tab' tabindex='0' aria-controls='toggle-id-15'>Die pflegebed\u00fcrftige Person muss regelm\u00e4\u00dfig Medikamente nehmen. <span class=\"toggle_icon\"><span class=\"vert_icon\"><\/span><span class=\"hor_icon\"><\/span><\/span><\/p><div id='toggle-id-15' class='toggle_wrap  '  ><div class='toggle_content invers-color '  itemprop=\"text\" ><p>Sie erhalten alle \u00e4rztlichen Verordnungen durch unser Pflegefachpersonal. Ebenso h\u00e4lt<br \/>\nunsere hauseigene K\u00fcche schmackhafte Di\u00e4t-Mahlzeiten f\u00fcr Sie bereit.<\/p>\n<\/div><\/div><\/div><\/section>\n<section class='av_toggle_section av-av_toggle-cc53232a2a1828d97a6841e9cb3b436b'  itemscope=\"itemscope\" itemtype=\"https:\/\/schema.org\/CreativeWork\" ><div role=\"tablist\" class=\"single_toggle\" data-tags=\"{Alle} \"  ><p data-fake-id='#toggle-id-16' class='toggler   '  itemprop=\"headline\"  role='tab' tabindex='0' aria-controls='toggle-id-16'>Wie viel G\u00e4ste sind in der Tagespflege?<span class=\"toggle_icon\"><span class=\"vert_icon\"><\/span><span class=\"hor_icon\"><\/span><\/span><\/p><div id='toggle-id-16' class='toggle_wrap  '  ><div class='toggle_content invers-color '  itemprop=\"text\" ><p>Wir haben 18 Tagespflegepl\u00e4tze.<\/p>\n<\/div><\/div><\/div><\/section>\n<section class='av_toggle_section av-av_toggle-6dff5be29d71c1a3462f010963299af8'  itemscope=\"itemscope\" itemtype=\"https:\/\/schema.org\/CreativeWork\" ><div role=\"tablist\" class=\"single_toggle\" data-tags=\"{Alle} \"  ><p data-fake-id='#toggle-id-17' class='toggler   '  itemprop=\"headline\"  role='tab' tabindex='0' aria-controls='toggle-id-17'>Wie lange hat die Tagespflege ge\u00f6ffnet? <span class=\"toggle_icon\"><span class=\"vert_icon\"><\/span><span class=\"hor_icon\"><\/span><\/span><\/p><div id='toggle-id-17' class='toggle_wrap  '  ><div class='toggle_content invers-color '  itemprop=\"text\" ><p>Die Tagespflege ist in den Kernzeiten von 08:00 \u2013 16:00 Uhr ge\u00f6ffnet.<\/p>\n<\/div><\/div><\/div><\/section>\n<section class='av_toggle_section av-av_toggle-20b2f040bcb489e64e8a9c45a25d8fd4'  itemscope=\"itemscope\" itemtype=\"https:\/\/schema.org\/CreativeWork\" ><div role=\"tablist\" class=\"single_toggle\" data-tags=\"{Alle} \"  ><p data-fake-id='#toggle-id-18' class='toggler   '  itemprop=\"headline\"  role='tab' tabindex='0' aria-controls='toggle-id-18'>Ich muss regelm\u00e4\u00dfig Gymnastik machen. Kann ich das in der Tagespflege?<span class=\"toggle_icon\"><span class=\"vert_icon\"><\/span><span class=\"hor_icon\"><\/span><\/span><\/p><div id='toggle-id-18' class='toggle_wrap  '  ><div class='toggle_content invers-color '  itemprop=\"text\" ><p>Selbstverst\u00e4ndlich! Nach Terminabsprache und auf \u00e4rztliche Verordnung bieten wir Krankengymnastik, Ergotherapie und Logop\u00e4die an. Auch kann Fu\u00dfpflege oder ein<br \/>\nFriseurbesuch in unserer Tagespflege vereinbart werden. Hierf\u00fcr stehen eigene R\u00e4ume zur Verf\u00fcgung.<\/p>\n<\/div><\/div><\/div><\/section>\n<section class='av_toggle_section av-av_toggle-8b09eba276adbcead4667bc17a90c9ef'  itemscope=\"itemscope\" itemtype=\"https:\/\/schema.org\/CreativeWork\" ><div role=\"tablist\" class=\"single_toggle\" data-tags=\"{Alle} \"  ><p data-fake-id='#toggle-id-19' class='toggler   '  itemprop=\"headline\"  role='tab' tabindex='0' aria-controls='toggle-id-19'>Welche pers\u00f6nlichen Dinge oder Verordnungen muss ich mitbringen?<span class=\"toggle_icon\"><span class=\"vert_icon\"><\/span><span class=\"hor_icon\"><\/span><\/span><\/p><div id='toggle-id-19' class='toggle_wrap  '  ><div class='toggle_content invers-color '  itemprop=\"text\" ><p>F\u00fcr Ihren Aufenthalt bei uns haben wir eine <a href=\"https:\/\/ambulantepflegespeitel.de\/wp-content\/uploads\/2021\/03\/Checkliste_Aufnahme_Tagespflege.pdf\">Checkliste<\/a> vorbereitet, die Ihnen hilft, nichts zu vergessen.<\/p>\n<\/div><\/div><\/div><\/section>\n<section class='av_toggle_section av-av_toggle-1e91aa79cca35057b903c64df7b45fd0'  itemscope=\"itemscope\" itemtype=\"https:\/\/schema.org\/CreativeWork\" ><div role=\"tablist\" class=\"single_toggle\" data-tags=\"{Alle} \"  ><p data-fake-id='#toggle-id-20' class='toggler   '  itemprop=\"headline\"  role='tab' tabindex='0' aria-controls='toggle-id-20'>Ich muss Di\u00e4t halten, kann ich trotzdem bei Ihnen zu Mittag essen? <span class=\"toggle_icon\"><span class=\"vert_icon\"><\/span><span class=\"hor_icon\"><\/span><\/span><\/p><div id='toggle-id-20' class='toggle_wrap  '  ><div class='toggle_content invers-color '  itemprop=\"text\" ><p>Wir beziehen unsere qualitativ hochwertigen Lebensmittel von Lieferanten aus der Region.<br \/>\nUnvertr\u00e4glichkeiten und Di\u00e4ten werden selbstverst\u00e4ndlich ber\u00fccksichtigt.<\/p>\n<\/div><\/div><\/div><\/section>\n<section class='av_toggle_section av-av_toggle-0a0145d7616ee0e1917deea98a7b1ed4'  itemscope=\"itemscope\" itemtype=\"https:\/\/schema.org\/CreativeWork\" ><div role=\"tablist\" class=\"single_toggle\" data-tags=\"{Alle} \"  ><p data-fake-id='#toggle-id-21' class='toggler   '  itemprop=\"headline\"  role='tab' tabindex='0' aria-controls='toggle-id-21'>Kann ich mir die Tagespflege einmal anschauen? <span class=\"toggle_icon\"><span class=\"vert_icon\"><\/span><span class=\"hor_icon\"><\/span><\/span><\/p><div id='toggle-id-21' class='toggle_wrap  '  ><div class='toggle_content invers-color '  itemprop=\"text\" ><p>Sehr gerne! Schauen Sie unverbindlich bei uns vorbei, vereinbaren Sie einen <a href=\"https:\/\/ambulantepflegespeitel.de\/index.php\/contact\/\">Beratungstermin<\/a> und kommen Sie einen Tag zum Schnuppern.<\/p>\n<\/div><\/div><\/div><\/section>\n<\/div><\/div><div  class='hr av-av_hr-dcd2069817a0e3d34ae04cad8f3443c7 hr-default  avia-builder-el-5  el_after_av_one_full  el_before_av_textblock '><span class='hr-inner '><span class=\"hr-inner-style\"><\/span><\/span><\/div><\/p>\n<section  class='av_textblock_section av-av_textblock-396ddf1f42196ca838231e61a4602801'  itemscope=\"itemscope\" itemtype=\"https:\/\/schema.org\/CreativeWork\" ><div class='avia_textblock'  itemprop=\"text\" ><p><strong id=\"download\">Wichtige Formulare zum Download:<\/strong><\/p>\n<ul>\n<li><a href=\"https:\/\/ambulantepflegespeitel.de\/wp-content\/uploads\/2021\/03\/Anmelde_Formular_Tagespflege.pdf\">Anmeldeformular Tagespflege<\/a><\/li>\n<li><a href=\"https:\/\/ambulantepflegespeitel.de\/wp-content\/uploads\/2021\/03\/Aerztliche-Bestaetigung.pdf\">\u00c4rztliche Best\u00e4tigung<\/a><\/li>\n<li><a href=\"https:\/\/ambulantepflegespeitel.de\/wp-content\/uploads\/2021\/03\/Checkliste_Aufnahme_Tagespflege.pdf\">Checkliste Tagespflege<\/a><\/li>\n<li><a href=\"https:\/\/ambulantepflegespeitel.de\/wp-content\/uploads\/2021\/03\/Checkliste_Angehoerige_Tagespflege.pdf\">Merkblatt Angeh\u00f6rige Tagespflege<\/a><\/li>\n<\/ul>\n<\/div><\/section>\n","protected":false},"excerpt":{"rendered":"","protected":false},"author":1,"featured_media":0,"parent":1636,"menu_order":0,"comment_status":"closed","ping_status":"closed","template":"","meta":{"footnotes":""},"class_list":["post-1733","page","type-page","status-publish","hentry"],"yoast_head":"<!-- This site is optimized with the Yoast SEO plugin v27.1.1 - https:\/\/yoast.com\/product\/yoast-seo-wordpress\/ -->\n<title>FAQ - Rundumpflege mit Herz<\/title>\n<meta name=\"robots\" content=\"index, follow, max-snippet:-1, max-image-preview:large, max-video-preview:-1\" \/>\n<link rel=\"canonical\" href=\"https:\/\/rundumpflegemitherz.de\/index.php\/tagespflege\/faq\/\" \/>\n<meta property=\"og:locale\" content=\"de_DE\" \/>\n<meta property=\"og:type\" content=\"article\" \/>\n<meta property=\"og:title\" content=\"FAQ - Rundumpflege mit Herz\" \/>\n<meta property=\"og:url\" content=\"https:\/\/rundumpflegemitherz.de\/index.php\/tagespflege\/faq\/\" \/>\n<meta property=\"og:site_name\" content=\"Rundumpflege mit Herz\" \/>\n<meta property=\"article:modified_time\" content=\"2022-01-16T10:56:35+00:00\" \/>\n<meta name=\"twitter:card\" content=\"summary_large_image\" \/>\n<meta name=\"twitter:label1\" content=\"Gesch\u00e4tzte Lesezeit\" \/>\n\t<meta name=\"twitter:data1\" content=\"6\u00a0Minuten\" \/>\n<script type=\"application\/ld+json\" class=\"yoast-schema-graph\">{\"@context\":\"https:\/\/schema.org\",\"@graph\":[{\"@type\":\"WebPage\",\"@id\":\"https:\/\/rundumpflegemitherz.de\/index.php\/tagespflege\/faq\/\",\"url\":\"https:\/\/rundumpflegemitherz.de\/index.php\/tagespflege\/faq\/\",\"name\":\"FAQ - Rundumpflege mit Herz\",\"isPartOf\":{\"@id\":\"https:\/\/rundumpflegemitherz.de\/#website\"},\"datePublished\":\"2021-03-14T14:21:56+00:00\",\"dateModified\":\"2022-01-16T10:56:35+00:00\",\"breadcrumb\":{\"@id\":\"https:\/\/rundumpflegemitherz.de\/index.php\/tagespflege\/faq\/#breadcrumb\"},\"inLanguage\":\"de\",\"potentialAction\":[{\"@type\":\"ReadAction\",\"target\":[\"https:\/\/rundumpflegemitherz.de\/index.php\/tagespflege\/faq\/\"]}]},{\"@type\":\"BreadcrumbList\",\"@id\":\"https:\/\/rundumpflegemitherz.de\/index.php\/tagespflege\/faq\/#breadcrumb\",\"itemListElement\":[{\"@type\":\"ListItem\",\"position\":1,\"name\":\"Startseite\",\"item\":\"https:\/\/rundumpflegemitherz.de\/index.php\/welcome\/\"},{\"@type\":\"ListItem\",\"position\":2,\"name\":\"Tagespflege\",\"item\":\"https:\/\/rundumpflegemitherz.de\/index.php\/tagespflege\/\"},{\"@type\":\"ListItem\",\"position\":3,\"name\":\"FAQ\"}]},{\"@type\":\"WebSite\",\"@id\":\"https:\/\/rundumpflegemitherz.de\/#website\",\"url\":\"https:\/\/rundumpflegemitherz.de\/\",\"name\":\"Rundumpflege mit Herz\",\"description\":\"Ihr kompetenter Partner f\u00fcr ambulante Pflege im Raum W\u00fcrzburg\",\"potentialAction\":[{\"@type\":\"SearchAction\",\"target\":{\"@type\":\"EntryPoint\",\"urlTemplate\":\"https:\/\/rundumpflegemitherz.de\/?s={search_term_string}\"},\"query-input\":{\"@type\":\"PropertyValueSpecification\",\"valueRequired\":true,\"valueName\":\"search_term_string\"}}],\"inLanguage\":\"de\"}]}<\/script>\n<!-- \/ Yoast SEO plugin. -->","yoast_head_json":{"title":"FAQ - Rundumpflege mit Herz","robots":{"index":"index","follow":"follow","max-snippet":"max-snippet:-1","max-image-preview":"max-image-preview:large","max-video-preview":"max-video-preview:-1"},"canonical":"https:\/\/rundumpflegemitherz.de\/index.php\/tagespflege\/faq\/","og_locale":"de_DE","og_type":"article","og_title":"FAQ - Rundumpflege mit Herz","og_url":"https:\/\/rundumpflegemitherz.de\/index.php\/tagespflege\/faq\/","og_site_name":"Rundumpflege mit Herz","article_modified_time":"2022-01-16T10:56:35+00:00","twitter_card":"summary_large_image","twitter_misc":{"Gesch\u00e4tzte Lesezeit":"6\u00a0Minuten"},"schema":{"@context":"https:\/\/schema.org","@graph":[{"@type":"WebPage","@id":"https:\/\/rundumpflegemitherz.de\/index.php\/tagespflege\/faq\/","url":"https:\/\/rundumpflegemitherz.de\/index.php\/tagespflege\/faq\/","name":"FAQ - Rundumpflege mit Herz","isPartOf":{"@id":"https:\/\/rundumpflegemitherz.de\/#website"},"datePublished":"2021-03-14T14:21:56+00:00","dateModified":"2022-01-16T10:56:35+00:00","breadcrumb":{"@id":"https:\/\/rundumpflegemitherz.de\/index.php\/tagespflege\/faq\/#breadcrumb"},"inLanguage":"de","potentialAction":[{"@type":"ReadAction","target":["https:\/\/rundumpflegemitherz.de\/index.php\/tagespflege\/faq\/"]}]},{"@type":"BreadcrumbList","@id":"https:\/\/rundumpflegemitherz.de\/index.php\/tagespflege\/faq\/#breadcrumb","itemListElement":[{"@type":"ListItem","position":1,"name":"Startseite","item":"https:\/\/rundumpflegemitherz.de\/index.php\/welcome\/"},{"@type":"ListItem","position":2,"name":"Tagespflege","item":"https:\/\/rundumpflegemitherz.de\/index.php\/tagespflege\/"},{"@type":"ListItem","position":3,"name":"FAQ"}]},{"@type":"WebSite","@id":"https:\/\/rundumpflegemitherz.de\/#website","url":"https:\/\/rundumpflegemitherz.de\/","name":"Rundumpflege mit Herz","description":"Ihr kompetenter Partner f\u00fcr ambulante Pflege im Raum W\u00fcrzburg","potentialAction":[{"@type":"SearchAction","target":{"@type":"EntryPoint","urlTemplate":"https:\/\/rundumpflegemitherz.de\/?s={search_term_string}"},"query-input":{"@type":"PropertyValueSpecification","valueRequired":true,"valueName":"search_term_string"}}],"inLanguage":"de"}]}},"_links":{"self":[{"href":"https:\/\/rundumpflegemitherz.de\/index.php\/wp-json\/wp\/v2\/pages\/1733","targetHints":{"allow":["GET"]}}],"collection":[{"href":"https:\/\/rundumpflegemitherz.de\/index.php\/wp-json\/wp\/v2\/pages"}],"about":[{"href":"https:\/\/rundumpflegemitherz.de\/index.php\/wp-json\/wp\/v2\/types\/page"}],"author":[{"embeddable":true,"href":"https:\/\/rundumpflegemitherz.de\/index.php\/wp-json\/wp\/v2\/users\/1"}],"replies":[{"embeddable":true,"href":"https:\/\/rundumpflegemitherz.de\/index.php\/wp-json\/wp\/v2\/comments?post=1733"}],"version-history":[{"count":11,"href":"https:\/\/rundumpflegemitherz.de\/index.php\/wp-json\/wp\/v2\/pages\/1733\/revisions"}],"predecessor-version":[{"id":2101,"href":"https:\/\/rundumpflegemitherz.de\/index.php\/wp-json\/wp\/v2\/pages\/1733\/revisions\/2101"}],"up":[{"embeddable":true,"href":"https:\/\/rundumpflegemitherz.de\/index.php\/wp-json\/wp\/v2\/pages\/1636"}],"wp:attachment":[{"href":"https:\/\/rundumpflegemitherz.de\/index.php\/wp-json\/wp\/v2\/media?parent=1733"}],"curies":[{"name":"wp","href":"https:\/\/api.w.org\/{rel}","templated":true}]}}