{"id":1960,"date":"2021-05-14T09:03:36","date_gmt":"2021-05-14T09:03:36","guid":{"rendered":"https:\/\/ambulantepflegespeitel.de\/?page_id=1960"},"modified":"2025-11-19T05:56:53","modified_gmt":"2025-11-19T05:56:53","slug":"online-anmeldung-tagespflege","status":"publish","type":"page","link":"https:\/\/rundumpflegemitherz.de\/index.php\/online-anmeldung-tagespflege\/","title":{"rendered":"Online Anmeldung Tagespflege"},"content":{"rendered":"<div id='av-layout-grid-1'  class='av-layout-grid-container av-2di9xyg-fc1b66f33d68651741e2b946f6d611bd entry-content-wrapper main_color av-fixed-cells  avia-builder-el-0  el_before_av_section  avia-builder-el-first   container_wrap sidebar_right'  >\n\n<style type=\"text\/css\" data-created_by=\"avia_inline_auto\" id=\"style-css-av-2azwrrc-25e03da6ea9ee2b5d1b9b70f0f868609\">\n.flex_cell.av-2azwrrc-25e03da6ea9ee2b5d1b9b70f0f868609{\nvertical-align:top;\nbackground-color:#4ab043;\n}\n.responsive #top #wrap_all .flex_cell.av-2azwrrc-25e03da6ea9ee2b5d1b9b70f0f868609{\npadding:9px 0px 0px 0px !important;\n}\n<\/style>\n<div class='flex_cell av-2azwrrc-25e03da6ea9ee2b5d1b9b70f0f868609 av-gridrow-cell av_one_half no_margin  avia-builder-el-1  el_before_av_cell_one_half  avia-builder-el-first ' ><div class='flex_cell_inner'><\/div><\/div>\n<style type=\"text\/css\" data-created_by=\"avia_inline_auto\" id=\"style-css-av-2a3kxm0-e997f05f5be367fbc87e0c80810a4e62\">\n.flex_cell.av-2a3kxm0-e997f05f5be367fbc87e0c80810a4e62{\nvertical-align:top;\nbackground-color:#71af6b;\n}\n.responsive #top #wrap_all .flex_cell.av-2a3kxm0-e997f05f5be367fbc87e0c80810a4e62{\npadding:9px 0px 0px 0px !important;\n}\n<\/style>\n<div class='flex_cell av-2a3kxm0-e997f05f5be367fbc87e0c80810a4e62 av-gridrow-cell av_one_half no_margin  avia-builder-el-2  el_after_av_cell_one_half  avia-builder-el-last ' ><div class='flex_cell_inner'><\/div><\/div>\n<\/div>\n<div id='av_section_1'  class='avia-section av-28su6wo-c906f8ea65d014a78274573b812e7152 main_color avia-section-huge avia-no-border-styling  avia-builder-el-3  el_after_av_layout_row  avia-builder-el-last  avia-bg-style-scroll container_wrap sidebar_right'  ><div class='container av-section-cont-open' ><div class='template-page content  av-content-small alpha units'><div class='post-entry post-entry-type-page post-entry-1960'><div class='entry-content-wrapper clearfix'>\n<div class='flex_column_table av-2625do8-2a1065d9bc7e1f47f9ee1a82b4f33014 sc-av_one_third av-equal-height-column-flextable'>\n<style type=\"text\/css\" data-created_by=\"avia_inline_auto\" id=\"style-css-av-2625do8-2a1065d9bc7e1f47f9ee1a82b4f33014\">\n#top .flex_column_table.av-equal-height-column-flextable.av-2625do8-2a1065d9bc7e1f47f9ee1a82b4f33014{\nmargin-top:-200px;\nmargin-bottom:0px;\n}\n.flex_column.av-2625do8-2a1065d9bc7e1f47f9ee1a82b4f33014{\n-webkit-border-radius:0px 0px 0px 0px;\n-moz-border-radius:0px 0px 0px 0px;\nborder-radius:0px 0px 0px 0px;\npadding:40px 40px 40px 40px;\n}\n<\/style>\n<div class='flex_column av-2625do8-2a1065d9bc7e1f47f9ee1a82b4f33014 av_one_third  avia-builder-el-4  el_before_av_one_third  avia-builder-el-first  first no_margin flex_column_table_cell av-equal-height-column av-align-top '     ><\/div>\n<style type=\"text\/css\" data-created_by=\"avia_inline_auto\" id=\"style-css-av-2554914-ce34e323b297e795fd2a4ae95c422772\">\n#top .flex_column_table.av-equal-height-column-flextable.av-2554914-ce34e323b297e795fd2a4ae95c422772{\nmargin-top:-200px;\nmargin-bottom:0px;\n}\n.flex_column.av-2554914-ce34e323b297e795fd2a4ae95c422772{\n-webkit-border-radius:0px 0px 0px 0px;\n-moz-border-radius:0px 0px 0px 0px;\nborder-radius:0px 0px 0px 0px;\npadding:40px 40px 40px 40px;\nbackground-color:#4ab043;\n}\n<\/style>\n<div class='flex_column av-2554914-ce34e323b297e795fd2a4ae95c422772 av_one_third  avia-builder-el-5  el_after_av_one_third  el_before_av_one_third  no_margin flex_column_table_cell av-equal-height-column av-align-top '     ><p>\n<style type=\"text\/css\" data-created_by=\"avia_inline_auto\" id=\"style-css-av-23ps1jc-7afe55331cb2f2687dc1c92f8f9f2074\">\n.av_font_icon.av-23ps1jc-7afe55331cb2f2687dc1c92f8f9f2074{\ncolor:#4ab043;\nborder-color:#4ab043;\n}\n.av_font_icon.av-23ps1jc-7afe55331cb2f2687dc1c92f8f9f2074 .av-icon-char{\nfont-size:60px;\nline-height:60px;\n}\n<\/style>\n<span  class='av_font_icon av-23ps1jc-7afe55331cb2f2687dc1c92f8f9f2074 avia_animate_when_visible av-icon-style- avia-icon-pos-center avia-icon-animate'><span class='av-icon-char' aria-hidden='true' data-av_icon='' data-av_iconfont='entypo-fontello' ><\/span><\/span><br \/>\n\n<style type=\"text\/css\" data-created_by=\"avia_inline_auto\" id=\"style-css-av-22ec820-42e6d22a3efdb00f002af1e5b832b62a\">\n#top .hr.hr-invisible.av-22ec820-42e6d22a3efdb00f002af1e5b832b62a{\nheight:80px;\n}\n<\/style>\n<div  class='hr av-22ec820-42e6d22a3efdb00f002af1e5b832b62a hr-invisible  avia-builder-el-7  el_after_av_font_icon  el_before_av_textblock '><span class='hr-inner '><span class=\"hr-inner-style\"><\/span><\/span><\/div><br \/>\n\n<style type=\"text\/css\" data-created_by=\"avia_inline_auto\" id=\"style-css-av-20ffa6w-b7e96ff4d80e5ba7ecc8981ff44f3768\">\n#top .av_textblock_section.av-20ffa6w-b7e96ff4d80e5ba7ecc8981ff44f3768 .avia_textblock{\ncolor:#ffffff;\n}\n<\/style>\n<section  class='av_textblock_section av-20ffa6w-b7e96ff4d80e5ba7ecc8981ff44f3768'  itemscope=\"itemscope\" itemtype=\"https:\/\/schema.org\/CreativeWork\" ><div class='avia_textblock av_inherit_color'  itemprop=\"text\" ><h4 style=\"text-align: center;\">Online Anmeldung zur Tagespflege<\/h4>\n<p style=\"text-align: center;\">Jetzt unverbindlich anmelden und Platz sichern.<\/p>\n<\/div><\/section><br \/>\n\n<style type=\"text\/css\" data-created_by=\"avia_inline_auto\" id=\"style-css-av-1ykkayg-b5a8ab3d6da41688bbfb8a099987ec16\">\n#top .hr.hr-invisible.av-1ykkayg-b5a8ab3d6da41688bbfb8a099987ec16{\nheight:8px;\n}\n<\/style>\n<div  class='hr av-1ykkayg-b5a8ab3d6da41688bbfb8a099987ec16 hr-invisible  avia-builder-el-9  el_after_av_textblock  avia-builder-el-last '><span class='hr-inner '><span class=\"hr-inner-style\"><\/span><\/span><\/div><\/p><\/div>\n<style type=\"text\/css\" data-created_by=\"avia_inline_auto\" id=\"style-css-av-1w0x9iw-85129a72c0424bc8a8e722d6005aa59c\">\n#top .flex_column_table.av-equal-height-column-flextable.av-1w0x9iw-85129a72c0424bc8a8e722d6005aa59c{\nmargin-top:-200px;\nmargin-bottom:0px;\n}\n.flex_column.av-1w0x9iw-85129a72c0424bc8a8e722d6005aa59c{\n-webkit-border-radius:0px 0px 0px 0px;\n-moz-border-radius:0px 0px 0px 0px;\nborder-radius:0px 0px 0px 0px;\npadding:40px 40px 40px 40px;\n}\n<\/style>\n<div class='flex_column av-1w0x9iw-85129a72c0424bc8a8e722d6005aa59c av_one_third  avia-builder-el-10  el_after_av_one_third  el_before_av_one_half  no_margin flex_column_table_cell av-equal-height-column av-align-top '     ><\/div><\/div><!--close column table wrapper. Autoclose: 1 -->\n<style type=\"text\/css\" data-created_by=\"avia_inline_auto\" id=\"style-css-av-1uzavt4-63aab8648f30ffc6a5a949a04a3df582\">\n.flex_column.av-1uzavt4-63aab8648f30ffc6a5a949a04a3df582{\n-webkit-border-radius:0px 0px 0px 0px;\n-moz-border-radius:0px 0px 0px 0px;\nborder-radius:0px 0px 0px 0px;\npadding:0px 0px 0px 0px;\n}\n<\/style>\n<div class='flex_column av-1uzavt4-63aab8648f30ffc6a5a949a04a3df582 av_one_half  avia-builder-el-11  el_after_av_one_third  el_before_av_one_half  first flex_column_div av-animated-generic bottom-to-top av-zero-column-padding column-top-margin'     ><p>\n<style type=\"text\/css\" data-created_by=\"avia_inline_auto\" id=\"style-css-av-6kbmns-151673314d169568a129caa44b774369\">\n#top .av-special-heading.av-6kbmns-151673314d169568a129caa44b774369{\npadding-bottom:20px;\nfont-size:34px;\n}\nbody .av-special-heading.av-6kbmns-151673314d169568a129caa44b774369 .av-special-heading-tag .heading-char{\nfont-size:25px;\n}\n#top #wrap_all .av-special-heading.av-6kbmns-151673314d169568a129caa44b774369 .av-special-heading-tag{\nfont-size:34px;\n}\n.av-special-heading.av-6kbmns-151673314d169568a129caa44b774369 .av-subheading{\nfont-size:15px;\n}\n\n@media only screen and (min-width: 480px) and (max-width: 767px){ \n#top #wrap_all .av-special-heading.av-6kbmns-151673314d169568a129caa44b774369 .av-special-heading-tag{\nfont-size:0.8em;\n}\n}\n\n@media only screen and (max-width: 479px){ \n#top #wrap_all .av-special-heading.av-6kbmns-151673314d169568a129caa44b774369 .av-special-heading-tag{\nfont-size:0.8em;\n}\n}\n<\/style>\n<div  class='av-special-heading av-6kbmns-151673314d169568a129caa44b774369 av-special-heading-h3 blockquote modern-quote  avia-builder-el-12  el_before_av_textblock  avia-builder-el-first  av-inherit-size'><div class='av-subheading av-subheading_above'><p>Von Mensch zu Mensch<\/p>\n<\/div><h3 class='av-special-heading-tag'  itemprop=\"headline\"  >Melden Sie sich unverbindlich f\u00fcr einen Platz in der Tagespflege an<\/h3><div class=\"special-heading-border\"><div class=\"special-heading-inner-border\"><\/div><\/div><\/div><br \/>\n<section  class='av_textblock_section av-1ry0k08-38cccfe48523022cef2daec442fa1a42'  itemscope=\"itemscope\" itemtype=\"https:\/\/schema.org\/CreativeWork\" ><div class='avia_textblock'  itemprop=\"text\" ><p>Mit dieser Online-Anmeldung bei der Tagespflege &#8222;Helfen mit Herz und Verstand&#8220; werden Sie als Interessent f\u00fcr die Tagespflege vermerkt. Diese Anmeldung ist unverbindlich und kann jederzeit widerrufen werden.<\/p>\n<p>Sobald wir einen genauen Er\u00f6ffnungstermin absehen k\u00f6nnen, melden wir uns bei Ihnen.<\/p>\n<\/div><\/section><br \/>\n<form action=\"https:\/\/rundumpflegemitherz.de\/index.php\/online-anmeldung-tagespflege\/\" method=\"post\"  class=\"avia_ajax_form av-form-labels-hidden   avia-builder-el-14  el_after_av_textblock  avia-builder-el-last   \" data-avia-form-id=\"1\" data-avia-redirect='' ><h3 class=''>Online-Anmeldung zur Tagespflege<\/h3><fieldset><p class='  first_form  form_element form_fullwidth' id='element_avia_1_1'><label for=\"avia_1_1\">Bitte um Platz auf der Warteliste f\u00fcr:* <abbr class=\"required\" title=\"ben\u00f6tigt\">*<\/abbr><\/label><select  name=\"avia_1_1\" class=\"select is_empty\" id=\"avia_1_1\"><option class=\"av-placeholder\" disabled=\"disabled\"  value=''>Bitte um Platz auf der Warteliste f\u00fcr:**<\/option><option   value='Mich selbst'>Mich selbst<\/option><option   value='Mein\/-e Angeh\u00f6rige\/-n'>Mein\/-e Angeh\u00f6rige\/-n<\/option><\/select><\/p><div id='avia_2_1' class='av-form-text'><p>\n<strong>Daten der \/ des Pflegebed\u00fcrfigen:<\/strong><\/p>\n<\/div><p class='  first_form  form_element form_element_half' id='element_avia_3_1'><label for=\"avia_3_1\">Nachname <abbr class=\"required\" title=\"ben\u00f6tigt\">*<\/abbr><\/label> <input name=\"avia_3_1\" class=\"text_input is_empty\" type=\"text\" id=\"avia_3_1\" value=\"\"  placeholder='Nachname*'\/><\/p><p class='  form_element form_element_half' id='element_avia_4_1'><label for=\"avia_4_1\">Vorname <abbr class=\"required\" title=\"ben\u00f6tigt\">*<\/abbr><\/label> <input name=\"avia_4_1\" class=\"text_input is_empty\" type=\"text\" id=\"avia_4_1\" value=\"\"  placeholder='Vorname*'\/><\/p><p class='  first_form  form_element form_element_two_third' id='element_avia_5_1'><label for=\"avia_5_1\">Stra\u00dfe <abbr class=\"required\" title=\"ben\u00f6tigt\">*<\/abbr><\/label> <input name=\"avia_5_1\" class=\"text_input is_empty\" type=\"text\" id=\"avia_5_1\" value=\"\"  placeholder='Stra\u00dfe*'\/><\/p><p class='  form_element form_element_third' id='element_avia_6_1'><label for=\"avia_6_1\">Hausnummer <abbr class=\"required\" title=\"ben\u00f6tigt\">*<\/abbr><\/label> <input name=\"avia_6_1\" class=\"text_input is_empty\" type=\"text\" id=\"avia_6_1\" value=\"\"  placeholder='Hausnummer*'\/><\/p><p class='  first_form  form_element form_fullwidth' id='element_avia_7_1'><label for=\"avia_7_1\">Stadt <abbr class=\"required\" title=\"ben\u00f6tigt\">*<\/abbr><\/label> <input name=\"avia_7_1\" class=\"text_input is_empty\" type=\"text\" id=\"avia_7_1\" value=\"\"  placeholder='Stadt*'\/><\/p><p class='  first_form  form_element form_element_two_third' id='element_avia_8_1'><label for=\"avia_8_1\">Telefonnummer <abbr class=\"required\" title=\"ben\u00f6tigt\">*<\/abbr><\/label> <input name=\"avia_8_1\" class=\"text_input is_phone\" type=\"text\" id=\"avia_8_1\" value=\"\"  placeholder='Telefonnummer*'\/><\/p><p class='  form_element form_element_third' id='element_avia_9_1'><label for=\"avia_9_1\">Geburtsdatum <abbr class=\"required\" title=\"ben\u00f6tigt\">*<\/abbr><\/label> <input name=\"avia_9_1\" class=\"avia_datepicker text_input is_empty\" type=\"text\" id=\"avia_9_1\" value=\"\" placeholder=\"Geburtsdatum*\" \/><\/p><p class='  first_form  form_element form_element_two_third' id='element_avia_10_1'><label for=\"avia_10_1\">Krankenkasse<\/label> <input name=\"avia_10_1\" class=\"text_input \" type=\"text\" id=\"avia_10_1\" value=\"\"  placeholder='Krankenkasse'\/><\/p><p class='  form_element form_element_third' id='element_avia_11_1'><label for=\"avia_11_1\">Pflegegrad<\/label> <input name=\"avia_11_1\" class=\"text_input \" type=\"text\" id=\"avia_11_1\" value=\"\"  placeholder='Pflegegrad'\/><\/p><div id='avia_12_1' class='av-form-text'><p>\n<strong>Erste Bezugsperson:<\/strong><\/p>\n<\/div><p class='  first_form  form_element form_element_half' id='element_avia_13_1'><label for=\"avia_13_1\">Nachname<\/label> <input name=\"avia_13_1\" class=\"text_input \" type=\"text\" id=\"avia_13_1\" value=\"\"  placeholder='Nachname'\/><\/p><p class='  form_element form_element_half' id='element_avia_14_1'><label for=\"avia_14_1\">Vorname<\/label> <input name=\"avia_14_1\" class=\"text_input \" type=\"text\" id=\"avia_14_1\" value=\"\"  placeholder='Vorname'\/><\/p><p class='  first_form  form_element form_element_half' id='element_avia_15_1'><label for=\"avia_15_1\">Festnetznummer<\/label> <input name=\"avia_15_1\" class=\"text_input \" type=\"text\" id=\"avia_15_1\" value=\"\"  placeholder='Festnetznummer'\/><\/p><p class='  form_element form_element_half' id='element_avia_16_1'><label for=\"avia_16_1\">Mobilfunknummer<\/label> <input name=\"avia_16_1\" class=\"text_input \" type=\"text\" id=\"avia_16_1\" value=\"\"  placeholder='Mobilfunknummer'\/><\/p><div id='avia_17_1' class='av-form-text'><p>\n<strong>Bezug zur \/ zum Pflegebed\u00fcrftigen:<\/strong><\/p>\n<\/div><p class='  first_form  form_element form_element_two_third' id='element_avia_18_1'><label for=\"avia_18_1\">Zutreffendes ausw\u00e4hlen<\/label><select  name=\"avia_18_1\" class=\"select \" id=\"avia_18_1\"><option class=\"av-placeholder\" disabled=\"disabled\"  value=''>Zutreffendes ausw\u00e4hlen<\/option><option   value='Ehefrau \/ -mann'>Ehefrau \/ -mann<\/option><option   value='Tochter \/ Sohn'>Tochter \/ Sohn<\/option><option   value='Rechtliche\/r Betreuer\/in'>Rechtliche\/r Betreuer\/in<\/option><option   value='Sonstige'>Sonstige<\/option><\/select><\/p><div id='avia_19_1' class='av-form-text'><p>\n<strong>Rechtliche Betreuung vom Amtsgericht bestellt:<\/strong><\/p>\n<\/div><p class='  first_form  form_element form_fullwidth' id='element_avia_20_1'><input  name=\"avia_20_1\" class=\"input_checkbox \" type=\"checkbox\" id=\"avia_20_1\" value=\"true\"\/><label class=\"input_checkbox_label\" for=\"avia_20_1\">Ja<\/label><\/p><p class='  first_form  form_element form_fullwidth' id='element_avia_21_1'><input  name=\"avia_21_1\" class=\"input_checkbox \" type=\"checkbox\" id=\"avia_21_1\" value=\"true\"\/><label class=\"input_checkbox_label\" for=\"avia_21_1\">Nein<\/label><\/p><div id='avia_22_1' class='av-form-text'><p>\n<strong>Es liegen Vollmachten vor?<\/strong><\/p>\n<\/div><p class='  first_form  form_element form_fullwidth' id='element_avia_23_1'><input  name=\"avia_23_1\" class=\"input_checkbox \" type=\"checkbox\" id=\"avia_23_1\" value=\"true\"\/><label class=\"input_checkbox_label\" for=\"avia_23_1\">Ja<\/label><\/p><p class='  first_form  form_element form_fullwidth' id='element_avia_24_1'><input  name=\"avia_24_1\" class=\"input_checkbox \" type=\"checkbox\" id=\"avia_24_1\" value=\"true\"\/><label class=\"input_checkbox_label\" for=\"avia_24_1\">Nein<\/label><\/p><div id='avia_25_1' class='av-form-text'><p>\n<strong>Falls Vollmachten vorliegen, f\u00fcr welche Bereiche?<\/strong><\/p>\n<\/div><p class='  first_form  form_element form_fullwidth' id='element_avia_26_1'><label for=\"avia_26_1\">Bereiche eintragen<\/label> <input name=\"avia_26_1\" class=\"text_input \" type=\"text\" id=\"avia_26_1\" value=\"\"  placeholder='Bereiche eintragen'\/><\/p><div id='avia_27_1' class='av-form-text'><p>\nWie sind Sie auf unsere Tagespflege aufmerksam geworden?<\/p>\n<\/div><p class='  first_form  form_element form_fullwidth' id='element_avia_28_1'><label for=\"avia_28_1\">Website, Flyer, Empfehlung, etc.<\/label> <input name=\"avia_28_1\" class=\"text_input \" type=\"text\" id=\"avia_28_1\" value=\"\"  placeholder='Website, Flyer, Empfehlung, etc.'\/><\/p><p class='  first_form  form_element form_fullwidth' id='element_avia_29_1'><label for=\"avia_29_1\" class=\"textare_label hidden textare_label_avia_29_1\">M\u00f6chten Sie uns noch etwas mitteilen?<\/label><textarea  placeholder='M\u00f6chten Sie uns noch etwas mitteilen?' name=\"avia_29_1\" class=\"text_area \" cols=\"40\" rows=\"7\" id=\"avia_29_1\" ><\/textarea><\/p><div id='avia_30_1' class='av-form-text'><p>\n<strong>Ihre E-Mail-Adresse f\u00fcr die Best\u00e4tigungsmail:<\/strong><\/p>\n<\/div><p class='  first_form  form_element form_element_half' id='element_avia_31_1'><label for=\"avia_31_1\">E-Mail <abbr class=\"required\" title=\"ben\u00f6tigt\">*<\/abbr><\/label> <input name=\"avia_31_1\" class=\"text_input is_email\" type=\"text\" id=\"avia_31_1\" value=\"\"  placeholder='E-Mail*'\/><\/p><p class='  first_form  form_element form_fullwidth' id='element_avia_32_1'><input  name=\"avia_32_1\" class=\"input_checkbox is_empty\" type=\"checkbox\" id=\"avia_32_1\" value=\"true\"\/><label class=\"input_checkbox_label\" for=\"avia_32_1\">Durch Klicken dieses Feldes erkl\u00e4ren Sie sich mit unseren <a href=\"\/datenschutzerklaerung\/\">Datenschutzbestimmungen<\/a> einverstanden. Wir verwenden Ihre Daten nur f\u00fcr die Bearbeitung Ihres Anliegens. <abbr class=\"required\" title=\"ben\u00f6tigt\">*<\/abbr><\/label><\/p><p class=\"hidden\"><input type=\"text\" name=\"avia_33_1\" class=\"hidden \" id=\"avia_33_1\" value=\"\" \/><\/p><p class='   form_element form_fullwidth' id='element_avia_34_1'><span class='value_verifier_label'>0 + 2 = ?<\/span><input name=\"avia_34_1_verifier\" type=\"hidden\" id=\"avia_34_1_verifier\" value=\"726144871\"\/><label for=\"avia_34_1\">Bitte l\u00f6se die Gleichung. Diese Ma\u00dfnahme dient der Abwehr von Spam <abbr class=\"required\" title=\"ben\u00f6tigt\">*<\/abbr><\/label><input name=\"avia_34_1\" class=\"text_input captcha\" type=\"text\" id=\"avia_34_1\" value=\"\"\/><\/p><p class=\"form_element \"><input type=\"hidden\" value=\"1\" name=\"avia_generated_form1\" \/><input type=\"submit\" value=\"Jetzt unverbindlich anmelden\" class=\"button\"  data-sending-label=\"Sende\"\/><\/p><\/fieldset><\/form><div id=\"ajaxresponse_1\" class=\"ajaxresponse ajaxresponse_1 hidden\"><\/div><\/p><\/div>\n<style type=\"text\/css\" data-created_by=\"avia_inline_auto\" id=\"style-css-av-7c2fg8-a447c13cb0c293fa11ccba046e47a3a6\">\n.flex_column.av-7c2fg8-a447c13cb0c293fa11ccba046e47a3a6{\n-webkit-border-radius:0px 0px 0px 0px;\n-moz-border-radius:0px 0px 0px 0px;\nborder-radius:0px 0px 0px 0px;\npadding:0px 0px 0px 0px;\n}\n<\/style>\n<div class='flex_column av-7c2fg8-a447c13cb0c293fa11ccba046e47a3a6 av_one_half  avia-builder-el-15  el_after_av_one_half  avia-builder-el-last  flex_column_div av-animated-generic bottom-to-top av-zero-column-padding column-top-margin'     ><p>\n<style type=\"text\/css\" data-created_by=\"avia_inline_auto\" id=\"style-css-av-605194-3c881b29bc0532b805310a875dc9b96f\">\n#top .av-special-heading.av-605194-3c881b29bc0532b805310a875dc9b96f{\npadding-bottom:20px;\nfont-size:34px;\n}\nbody .av-special-heading.av-605194-3c881b29bc0532b805310a875dc9b96f .av-special-heading-tag .heading-char{\nfont-size:25px;\n}\n#top #wrap_all .av-special-heading.av-605194-3c881b29bc0532b805310a875dc9b96f .av-special-heading-tag{\nfont-size:34px;\n}\n.av-special-heading.av-605194-3c881b29bc0532b805310a875dc9b96f .av-subheading{\nfont-size:15px;\n}\n\n@media only screen and (min-width: 480px) and (max-width: 767px){ \n#top #wrap_all .av-special-heading.av-605194-3c881b29bc0532b805310a875dc9b96f .av-special-heading-tag{\nfont-size:0.8em;\n}\n}\n\n@media only screen and (max-width: 479px){ \n#top #wrap_all .av-special-heading.av-605194-3c881b29bc0532b805310a875dc9b96f .av-special-heading-tag{\nfont-size:0.8em;\n}\n}\n<\/style>\n<div  class='av-special-heading av-605194-3c881b29bc0532b805310a875dc9b96f av-special-heading-h3 blockquote modern-quote  avia-builder-el-16  el_before_av_textblock  avia-builder-el-first  av-inherit-size'><div class='av-subheading av-subheading_above'><p>Die Tagespflege befindet sich in Leinach direkt gegen\u00fcber vom Tegut.<\/p>\n<\/div><h3 class='av-special-heading-tag'  itemprop=\"headline\"  >Wo wir zu finden sind<\/h3><div class=\"special-heading-border\"><div class=\"special-heading-inner-border\"><\/div><\/div><\/div><br \/>\n<section  class='av_textblock_section av-4jk8tk-f03ecbc2dc5003a47ebdaf5e925bbd46'  itemscope=\"itemscope\" itemtype=\"https:\/\/schema.org\/CreativeWork\" ><div class='avia_textblock'  itemprop=\"text\" ><p>Rathausstra\u00dfe 31<br \/>\n97274 Leinach<\/p>\n<p><strong>info@tagespflege-speitel-goebel.de<\/strong><br \/>\n+49 931 4676143<\/p>\n<\/div><\/section><br \/>\n<section  class='av_textblock_section av-23qt3c-57cc486aa5141bbe358440f03508e1c1'  itemscope=\"itemscope\" itemtype=\"https:\/\/schema.org\/CreativeWork\" ><div class='avia_textblock'  itemprop=\"text\" ><p>Die Tagespflege &#8222;Helfen mit Herz und Verstand&#8220; ist Ihr Ansprechpartner f\u00fcr das Thema Alten- und Krankenpflege.<\/p>\n<blockquote>\n<p>Gerne beraten wir sie pers\u00f6nlich, helfen Ihnen bei b\u00fcrokratischen H\u00fcrden und unterst\u00fctzen Sie bei der Beschaffung von Pflegehilfsmitteln.<\/p>\n<\/blockquote>\n<p>Vereinbaren Sie einen Termin f\u00fcr ein pers\u00f6nliches Kennenlernen inklusive Beratungsgespr\u00e4ch in unseren B\u00fcror\u00e4umen oder wahlweise bei Ihnen zu Hause.<\/p>\n<\/div><\/section><\/p><\/div><\/div><\/div><\/div><!-- close content main div --><\/div><\/div><div id='after_section_1'  class='main_color av_default_container_wrap container_wrap sidebar_right'  ><div class='container av-section-cont-open' ><div class='template-page content  av-content-small alpha units'><div class='post-entry post-entry-type-page post-entry-1960'><div class='entry-content-wrapper clearfix'>\n","protected":false},"excerpt":{"rendered":"","protected":false},"author":1,"featured_media":0,"parent":0,"menu_order":0,"comment_status":"closed","ping_status":"closed","template":"","meta":{"footnotes":""},"class_list":["post-1960","page","type-page","status-publish","hentry"],"yoast_head":"<!-- This site is optimized with the Yoast SEO plugin v27.1.1 - https:\/\/yoast.com\/product\/yoast-seo-wordpress\/ -->\n<title>Online Anmeldung Tagespflege - Helfen mit Herz und Verstand<\/title>\n<meta name=\"description\" content=\"Melden Sie sich oder Ihre Angeh\u00f6rigen jetzt unverbindlich f\u00fcr einen Platz in der Tagespflege &quot;Helfen mit Herz und Verstand&quot; in Leinach an.\" \/>\n<meta name=\"robots\" content=\"index, follow, max-snippet:-1, max-image-preview:large, max-video-preview:-1\" \/>\n<link rel=\"canonical\" href=\"https:\/\/rundumpflegemitherz.de\/index.php\/online-anmeldung-tagespflege\/\" \/>\n<meta property=\"og:locale\" content=\"de_DE\" \/>\n<meta property=\"og:type\" content=\"article\" \/>\n<meta property=\"og:title\" content=\"Online Anmeldung Tagespflege - Helfen mit Herz und Verstand\" \/>\n<meta property=\"og:description\" content=\"Melden Sie sich oder Ihre Angeh\u00f6rigen jetzt unverbindlich f\u00fcr einen Platz in der Tagespflege &quot;Helfen mit Herz und Verstand&quot; in Leinach an.\" \/>\n<meta property=\"og:url\" content=\"https:\/\/rundumpflegemitherz.de\/index.php\/online-anmeldung-tagespflege\/\" \/>\n<meta property=\"og:site_name\" content=\"Rundumpflege mit Herz\" \/>\n<meta property=\"article:modified_time\" content=\"2025-11-19T05:56:53+00:00\" \/>\n<meta name=\"twitter:card\" content=\"summary_large_image\" \/>\n<meta name=\"twitter:label1\" content=\"Gesch\u00e4tzte Lesezeit\" \/>\n\t<meta name=\"twitter:data1\" content=\"2\u00a0Minuten\" \/>\n<script type=\"application\/ld+json\" class=\"yoast-schema-graph\">{\"@context\":\"https:\/\/schema.org\",\"@graph\":[{\"@type\":\"WebPage\",\"@id\":\"https:\/\/rundumpflegemitherz.de\/index.php\/online-anmeldung-tagespflege\/\",\"url\":\"https:\/\/rundumpflegemitherz.de\/index.php\/online-anmeldung-tagespflege\/\",\"name\":\"Online Anmeldung Tagespflege - Helfen mit Herz und Verstand\",\"isPartOf\":{\"@id\":\"https:\/\/rundumpflegemitherz.de\/#website\"},\"datePublished\":\"2021-05-14T09:03:36+00:00\",\"dateModified\":\"2025-11-19T05:56:53+00:00\",\"description\":\"Melden Sie sich oder Ihre Angeh\u00f6rigen jetzt unverbindlich f\u00fcr einen Platz in der Tagespflege \\\"Helfen mit Herz und Verstand\\\" in Leinach an.\",\"breadcrumb\":{\"@id\":\"https:\/\/rundumpflegemitherz.de\/index.php\/online-anmeldung-tagespflege\/#breadcrumb\"},\"inLanguage\":\"de\",\"potentialAction\":[{\"@type\":\"ReadAction\",\"target\":[\"https:\/\/rundumpflegemitherz.de\/index.php\/online-anmeldung-tagespflege\/\"]}]},{\"@type\":\"BreadcrumbList\",\"@id\":\"https:\/\/rundumpflegemitherz.de\/index.php\/online-anmeldung-tagespflege\/#breadcrumb\",\"itemListElement\":[{\"@type\":\"ListItem\",\"position\":1,\"name\":\"Startseite\",\"item\":\"https:\/\/rundumpflegemitherz.de\/index.php\/welcome\/\"},{\"@type\":\"ListItem\",\"position\":2,\"name\":\"Online Anmeldung Tagespflege\"}]},{\"@type\":\"WebSite\",\"@id\":\"https:\/\/rundumpflegemitherz.de\/#website\",\"url\":\"https:\/\/rundumpflegemitherz.de\/\",\"name\":\"Rundumpflege mit Herz\",\"description\":\"Ihr kompetenter Partner f\u00fcr ambulante Pflege im Raum W\u00fcrzburg\",\"potentialAction\":[{\"@type\":\"SearchAction\",\"target\":{\"@type\":\"EntryPoint\",\"urlTemplate\":\"https:\/\/rundumpflegemitherz.de\/?s={search_term_string}\"},\"query-input\":{\"@type\":\"PropertyValueSpecification\",\"valueRequired\":true,\"valueName\":\"search_term_string\"}}],\"inLanguage\":\"de\"}]}<\/script>\n<!-- \/ Yoast SEO plugin. -->","yoast_head_json":{"title":"Online Anmeldung Tagespflege - Helfen mit Herz und Verstand","description":"Melden Sie sich oder Ihre Angeh\u00f6rigen jetzt unverbindlich f\u00fcr einen Platz in der Tagespflege \"Helfen mit Herz und Verstand\" in Leinach an.","robots":{"index":"index","follow":"follow","max-snippet":"max-snippet:-1","max-image-preview":"max-image-preview:large","max-video-preview":"max-video-preview:-1"},"canonical":"https:\/\/rundumpflegemitherz.de\/index.php\/online-anmeldung-tagespflege\/","og_locale":"de_DE","og_type":"article","og_title":"Online Anmeldung Tagespflege - Helfen mit Herz und Verstand","og_description":"Melden Sie sich oder Ihre Angeh\u00f6rigen jetzt unverbindlich f\u00fcr einen Platz in der Tagespflege \"Helfen mit Herz und Verstand\" in Leinach an.","og_url":"https:\/\/rundumpflegemitherz.de\/index.php\/online-anmeldung-tagespflege\/","og_site_name":"Rundumpflege mit Herz","article_modified_time":"2025-11-19T05:56:53+00:00","twitter_card":"summary_large_image","twitter_misc":{"Gesch\u00e4tzte Lesezeit":"2\u00a0Minuten"},"schema":{"@context":"https:\/\/schema.org","@graph":[{"@type":"WebPage","@id":"https:\/\/rundumpflegemitherz.de\/index.php\/online-anmeldung-tagespflege\/","url":"https:\/\/rundumpflegemitherz.de\/index.php\/online-anmeldung-tagespflege\/","name":"Online Anmeldung Tagespflege - Helfen mit Herz und Verstand","isPartOf":{"@id":"https:\/\/rundumpflegemitherz.de\/#website"},"datePublished":"2021-05-14T09:03:36+00:00","dateModified":"2025-11-19T05:56:53+00:00","description":"Melden Sie sich oder Ihre Angeh\u00f6rigen jetzt unverbindlich f\u00fcr einen Platz in der Tagespflege \"Helfen mit Herz und Verstand\" in Leinach an.","breadcrumb":{"@id":"https:\/\/rundumpflegemitherz.de\/index.php\/online-anmeldung-tagespflege\/#breadcrumb"},"inLanguage":"de","potentialAction":[{"@type":"ReadAction","target":["https:\/\/rundumpflegemitherz.de\/index.php\/online-anmeldung-tagespflege\/"]}]},{"@type":"BreadcrumbList","@id":"https:\/\/rundumpflegemitherz.de\/index.php\/online-anmeldung-tagespflege\/#breadcrumb","itemListElement":[{"@type":"ListItem","position":1,"name":"Startseite","item":"https:\/\/rundumpflegemitherz.de\/index.php\/welcome\/"},{"@type":"ListItem","position":2,"name":"Online Anmeldung Tagespflege"}]},{"@type":"WebSite","@id":"https:\/\/rundumpflegemitherz.de\/#website","url":"https:\/\/rundumpflegemitherz.de\/","name":"Rundumpflege mit Herz","description":"Ihr kompetenter Partner f\u00fcr ambulante Pflege im Raum W\u00fcrzburg","potentialAction":[{"@type":"SearchAction","target":{"@type":"EntryPoint","urlTemplate":"https:\/\/rundumpflegemitherz.de\/?s={search_term_string}"},"query-input":{"@type":"PropertyValueSpecification","valueRequired":true,"valueName":"search_term_string"}}],"inLanguage":"de"}]}},"_links":{"self":[{"href":"https:\/\/rundumpflegemitherz.de\/index.php\/wp-json\/wp\/v2\/pages\/1960","targetHints":{"allow":["GET"]}}],"collection":[{"href":"https:\/\/rundumpflegemitherz.de\/index.php\/wp-json\/wp\/v2\/pages"}],"about":[{"href":"https:\/\/rundumpflegemitherz.de\/index.php\/wp-json\/wp\/v2\/types\/page"}],"author":[{"embeddable":true,"href":"https:\/\/rundumpflegemitherz.de\/index.php\/wp-json\/wp\/v2\/users\/1"}],"replies":[{"embeddable":true,"href":"https:\/\/rundumpflegemitherz.de\/index.php\/wp-json\/wp\/v2\/comments?post=1960"}],"version-history":[{"count":23,"href":"https:\/\/rundumpflegemitherz.de\/index.php\/wp-json\/wp\/v2\/pages\/1960\/revisions"}],"predecessor-version":[{"id":2474,"href":"https:\/\/rundumpflegemitherz.de\/index.php\/wp-json\/wp\/v2\/pages\/1960\/revisions\/2474"}],"wp:attachment":[{"href":"https:\/\/rundumpflegemitherz.de\/index.php\/wp-json\/wp\/v2\/media?parent=1960"}],"curies":[{"name":"wp","href":"https:\/\/api.w.org\/{rel}","templated":true}]}}